{"id":130,"date":"2023-01-19T16:08:04","date_gmt":"2023-01-19T16:08:04","guid":{"rendered":"https:\/\/ecolebiodanzamanosque.com\/?page_id=130"},"modified":"2024-02-07T19:07:50","modified_gmt":"2024-02-07T19:07:50","slug":"la-coordination-de-lecole","status":"publish","type":"page","link":"https:\/\/ecolebiodanzamanosque.com\/index.php\/la-coordination-de-lecole\/","title":{"rendered":"La coordination"},"content":{"rendered":"\n<div style=\"height:20px\" aria-hidden=\"true\" class=\"wp-block-spacer\"><\/div>\n\n\n\n<div class=\"wp-block-group is-vertical is-content-justification-center is-layout-flex wp-container-core-group-is-layout-4b2eccd6 wp-block-group-is-layout-flex\">\n<h4 class=\"wp-block-heading has-text-align-center has-text-color\" style=\"color:#8bc34a;font-size:25px\"><strong>Gis\u00e8le Bregliano Martinez <\/strong><\/h4>\n\n\n\n<p class=\"has-text-align-center\" style=\"font-size:18px\">Gis\u00e8le est co-fondatrice, coordinatrice et intervenante r\u00e9guli\u00e8re de l&rsquo;\u00e9cole.<\/p>\n<\/div>\n\n\n\n<div style=\"height:25px\" aria-hidden=\"true\" class=\"wp-block-spacer\"><\/div>\n\n\n\n<div class=\"wp-block-media-text alignwide is-stacked-on-mobile\" style=\"grid-template-columns:18% auto\"><figure class=\"wp-block-media-text__media\"><img decoding=\"async\" width=\"183\" height=\"266\" src=\"https:\/\/ecolebiodanzamanosque.com\/wp-content\/uploads\/2023\/01\/Gisele.jpg\" alt=\"\" class=\"wp-image-131 size-full\"\/><\/figure><div class=\"wp-block-media-text__content\">\n<p><\/p>\n\n\n\n<p>J\u2019ai d\u00e9couvert la Biodanza\u00ae en 1994 \u00e0 Nice.<\/p>\n\n\n\n<p>Riche de l\u2019exp\u00e9rience que m\u2019offrait cet \u00ab&nbsp;outil&nbsp;\u00bb, curieuse, j\u2019ai voulu en conna\u00eetre les tenants et aboutissants.<\/p>\n\n\n\n<p>J\u2019ai alors int\u00e9gr\u00e9 en 1997 l\u2019\u00e9cole suisse de Biodanza\u00ae dirig\u00e9e par Nadia Costa Robin. J\u2019y ai suivi la premi\u00e8re ann\u00e9e, jusqu\u2019\u00e0 l\u2019arriv\u00e9e de ma 2<sup>\u00e8me<\/sup> fille m\u2019invitant \u00e0 diff\u00e9rer la formation.<\/p>\n<\/div><\/div>\n\n\n\n<p>En 2000, le d\u00e9sir toujours aussi vif, j\u2019ai rejoint l\u2019\u00e9cole de Biodanza\u00ae M\u00e9diterran\u00e9e dirig\u00e9e par H\u00e9l\u00e8ne Levy Benseft qui s\u2019\u00e9tait alors cr\u00e9\u00e9e entre temps.<\/p>\n\n\n\n<p>Apr\u00e8s l\u2019obtention de ma titularisation, ce fut une \u00e9vidence que de continuer \u00e0 recevoir l\u2019enseignement de Rolando Toro Araneda afin de devenir formatrice.<\/p>\n\n\n\n<p>J\u2019ai \u00e9largi cet apprentissage au \u00ab&nbsp;Projet Evolution&nbsp;\u00bb, extension \u00e9labor\u00e9e et propos\u00e9e par Carlos Garcia.<\/p>\n\n\n\n<p>L\u2019int\u00e9r\u00eat tout particulier que je porte \u00e0 la Biodanza\u00ae est anim\u00e9 par sa force d\u2019action dans les processus de r\u00e9silience pouvant r\u00e9activer en nous les ph\u00e9nom\u00e8nes, les potentiels que nous conf\u00e8re la Vie.<\/p>\n\n\n\n<p>Profond\u00e9ment interpell\u00e9e par la souffrance psychique, je m\u2019\u00e9tais orient\u00e9e vers la m\u00e9decine pour devenir psychiatre. J\u2019ai d\u00fb malheureusement en interrompre le cursus apr\u00e8s quatre ann\u00e9es.<\/p>\n\n\n\n<p>J\u2019ai aussi \u00e9t\u00e9 form\u00e9e \u00e0 l\u2019accompagnement de personnes d\u00e9pressives ainsi qu\u2019\u00e0 la pr\u00e9vention du suicide au sein de diff\u00e9rents \u00e9tablissements scolaires.<\/p>\n\n\n\n<p>Depuis 2018 j\u2019anime des ateliers et des stages de Biodanza\u00ae (en collaboration avec Elodie Delcropt coordinatrice au CIDFF de Manosque) aupr\u00e8s de femmes victimes de violences intrafamiliales.<\/p>\n\n\n\n<p>Depuis 2003 j\u2019ai donn\u00e9 des cours, ateliers et stages sur Cotignac, Carc\u00e8s, Marseille, Montpellier, Toulon, Manosque.<\/p>\n\n\n\n<p>J\u2019ai aussi accompagn\u00e9 l\u2019ouverture du 1<sup>er<\/sup> cycle de formation de l\u2019\u00e9cole de Provence dirig\u00e9e par Patricia Piva Aicardi et collabor\u00e9 \u00e0 l\u2019enseignement pour le 2<sup>nd<\/sup> et 3<sup>\u00e8me<\/sup> cycle.<\/p>\n\n\n\n<p>Motiv\u00e9e par le d\u00e9sir de partager l\u2019exp\u00e9rience d\u2019une collaboration d\u00e9j\u00e0 effective avec mon amie Laurence, tant dans les ateliers, stages et formation, nous cocr\u00e9ons l\u2019\u00e9cole de Biodanza de Manosque au sein de laquelle je suis en charge de la coordination et de l\u2019enseignement de modules.<\/p>\n\n\n\n<div class=\"wp-block-columns is-layout-flex wp-container-core-columns-is-layout-9d6595d7 wp-block-columns-is-layout-flex\">\n<div class=\"wp-block-column is-layout-flow wp-block-column-is-layout-flow\">\n<figure class=\"wp-block-embed is-type-video is-provider-youtube wp-block-embed-youtube wp-embed-aspect-16-9 wp-has-aspect-ratio\"><div class=\"wp-block-embed__wrapper\">\n<iframe title=\"Biodanza &quot;La Danse de la vie&quot; avec Gis\u00e8le Br\u00e9gliano-Martinez\" width=\"640\" height=\"360\" src=\"https:\/\/www.youtube.com\/embed\/io3MfCVMkMs?feature=oembed\" frameborder=\"0\" allow=\"accelerometer; autoplay; clipboard-write; encrypted-media; gyroscope; picture-in-picture; web-share\" referrerpolicy=\"strict-origin-when-cross-origin\" allowfullscreen><\/iframe>\n<\/div><\/figure>\n\n\n\n<div class=\"wp-block-columns is-layout-flex wp-container-core-columns-is-layout-9d6595d7 wp-block-columns-is-layout-flex\">\n<div class=\"wp-block-column is-layout-flow wp-block-column-is-layout-flow\">\n<div style=\"height:20px\" aria-hidden=\"true\" class=\"wp-block-spacer\"><\/div>\n\n\n\n<div style=\"height:15px\" aria-hidden=\"true\" class=\"wp-block-spacer\"><\/div>\n<\/div>\n<\/div>\n\n\n\n<p>C\u2019est aussi avec Yo\u00ebl que nous avons pendant un temps collabor\u00e9 dans des propositions d\u2019ateliers et stages sous la d\u00e9nomination \u00ab Rencontres au c\u0153ur de l\u2019Alliance des Lettres h\u00e9bra\u00efques et de la Danse \u00bb.<\/p>\n<\/div>\n\n\n\n<div class=\"wp-block-column is-layout-flow wp-block-column-is-layout-flow\">\n<p>J&rsquo;anime aussi \u00e0 Mane, pr\u00e8s de Manosque, des stages et ateliers\u00a0: \u00ab\u00a0l\u2019\u00catre en Danse\u00a0\u00bb o\u00f9 s\u2019\u00e9pousent pour s\u2019enrichir la Biodanza\u00ae et \u00ab\u00a0l\u2019ouvrage\u00a0\u00bb des Lettres h\u00e9bra\u00efques. <\/p>\n\n\n\n<p>La force de ces Lettres m\u2019a \u00e9t\u00e9 enseign\u00e9e par Yo\u00ebl Laffite ce qui m\u2019a donn\u00e9 par la suite l\u2019\u00e9lan de les mettre en mouvement, en danse et de sentir \u00e0 quel point elles pouvaient \u00eatre un \u00ab&nbsp;outil&nbsp;\u00bb pr\u00e9cieux en totale coh\u00e9rence avec ce que propose la Biodanza\u00ae.<\/p>\n\n\n<div class=\"wp-block-image\">\n<figure class=\"aligncenter size-full is-resized\"><img decoding=\"async\" src=\"https:\/\/ecolebiodanzamanosque.com\/wp-content\/uploads\/2023\/02\/aleph-heron.jpg\" alt=\"\" class=\"wp-image-819\" width=\"160\" height=\"208\" srcset=\"https:\/\/ecolebiodanzamanosque.com\/wp-content\/uploads\/2023\/02\/aleph-heron.jpg 256w, https:\/\/ecolebiodanzamanosque.com\/wp-content\/uploads\/2023\/02\/aleph-heron-230x300.jpg 230w, https:\/\/ecolebiodanzamanosque.com\/wp-content\/uploads\/2023\/02\/aleph-heron-207x270.jpg 207w\" sizes=\"(max-width: 160px) 100vw, 160px\" \/><\/figure>\n<\/div><\/div>\n<\/div>\n\n\n\n<p class=\"has-text-align-left\">J\u2019ai aussi la chance de pouvoir recevoir l\u2019enseignement permanent de mes deux filles, Eva et Rebecca ainsi qu\u2019un apprentissage constant de mes petits-enfants Vlad, Mira, Vigo et Victoria.<\/p>\n","protected":false},"excerpt":{"rendered":"<p>Gis\u00e8le Bregliano Martinez Gis\u00e8le est co-fondatrice, coordinatrice et intervenante r\u00e9guli\u00e8re de l&rsquo;\u00e9cole. J\u2019ai d\u00e9couvert la Biodanza\u00ae en 1994 \u00e0 Nice. Riche de l\u2019exp\u00e9rience que m\u2019offrait cet \u00ab&nbsp;outil&nbsp;\u00bb, curieuse, j\u2019ai voulu en conna\u00eetre les tenants et aboutissants. J\u2019ai alors int\u00e9gr\u00e9 en 1997 l\u2019\u00e9cole suisse de Biodanza\u00ae dirig\u00e9e par Nadia Costa Robin. J\u2019y ai suivi la premi\u00e8re ann\u00e9e, jusqu\u2019\u00e0 l\u2019arriv\u00e9e de ma [&hellip;]<\/p>\n","protected":false},"author":1,"featured_media":0,"parent":0,"menu_order":0,"comment_status":"closed","ping_status":"closed","template":"","meta":{"_eb_attr":"","footnotes":""},"class_list":["post-130","page","type-page","status-publish","hentry"],"yoast_head":"<!-- This site is optimized with the Yoast SEO plugin v26.6 - https:\/\/yoast.com\/wordpress\/plugins\/seo\/ -->\n<title>La coordination - Ecole de Biodanza de Manosque<\/title>\n<meta name=\"description\" content=\"La coordination de l&#039;\u00e9cole de Biodanza de Manosque est assur\u00e9e par Gis\u00e8le Bregliano Martinez, co-fondatrice et intervenante r\u00e9guli\u00e8re.\" \/>\n<meta name=\"robots\" content=\"index, follow, max-snippet:-1, max-image-preview:large, max-video-preview:-1\" \/>\n<link rel=\"canonical\" href=\"https:\/\/ecolebiodanzamanosque.com\/index.php\/la-coordination-de-lecole\/\" \/>\n<meta property=\"og:locale\" content=\"fr_FR\" \/>\n<meta property=\"og:type\" content=\"article\" \/>\n<meta property=\"og:title\" content=\"La coordination - Ecole de Biodanza de Manosque\" \/>\n<meta property=\"og:description\" content=\"La coordination de l&#039;\u00e9cole de Biodanza de Manosque est assur\u00e9e par Gis\u00e8le Bregliano Martinez, co-fondatrice et intervenante r\u00e9guli\u00e8re.\" \/>\n<meta property=\"og:url\" content=\"https:\/\/ecolebiodanzamanosque.com\/index.php\/la-coordination-de-lecole\/\" \/>\n<meta property=\"og:site_name\" content=\"Ecole de Biodanza de Manosque\" \/>\n<meta property=\"article:modified_time\" content=\"2024-02-07T19:07:50+00:00\" \/>\n<meta property=\"og:image\" content=\"http:\/\/ecolebiodanzamanosque.com\/wp-content\/uploads\/2023\/01\/Gisele.jpg\" \/>\n<meta name=\"twitter:card\" content=\"summary_large_image\" \/>\n<meta name=\"twitter:label1\" content=\"Dur\u00e9e de lecture estim\u00e9e\" \/>\n\t<meta name=\"twitter:data1\" content=\"3 minutes\" \/>\n<script type=\"application\/ld+json\" class=\"yoast-schema-graph\">{\"@context\":\"https:\/\/schema.org\",\"@graph\":[{\"@type\":\"WebPage\",\"@id\":\"https:\/\/ecolebiodanzamanosque.com\/index.php\/la-coordination-de-lecole\/\",\"url\":\"https:\/\/ecolebiodanzamanosque.com\/index.php\/la-coordination-de-lecole\/\",\"name\":\"La coordination - Ecole de Biodanza de Manosque\",\"isPartOf\":{\"@id\":\"https:\/\/ecolebiodanzamanosque.com\/#website\"},\"primaryImageOfPage\":{\"@id\":\"https:\/\/ecolebiodanzamanosque.com\/index.php\/la-coordination-de-lecole\/#primaryimage\"},\"image\":{\"@id\":\"https:\/\/ecolebiodanzamanosque.com\/index.php\/la-coordination-de-lecole\/#primaryimage\"},\"thumbnailUrl\":\"http:\/\/ecolebiodanzamanosque.com\/wp-content\/uploads\/2023\/01\/Gisele.jpg\",\"datePublished\":\"2023-01-19T16:08:04+00:00\",\"dateModified\":\"2024-02-07T19:07:50+00:00\",\"description\":\"La coordination de l'\u00e9cole de Biodanza de Manosque est assur\u00e9e par Gis\u00e8le Bregliano Martinez, co-fondatrice et intervenante r\u00e9guli\u00e8re.\",\"breadcrumb\":{\"@id\":\"https:\/\/ecolebiodanzamanosque.com\/index.php\/la-coordination-de-lecole\/#breadcrumb\"},\"inLanguage\":\"fr-FR\",\"potentialAction\":[{\"@type\":\"ReadAction\",\"target\":[\"https:\/\/ecolebiodanzamanosque.com\/index.php\/la-coordination-de-lecole\/\"]}]},{\"@type\":\"ImageObject\",\"inLanguage\":\"fr-FR\",\"@id\":\"https:\/\/ecolebiodanzamanosque.com\/index.php\/la-coordination-de-lecole\/#primaryimage\",\"url\":\"http:\/\/ecolebiodanzamanosque.com\/wp-content\/uploads\/2023\/01\/Gisele.jpg\",\"contentUrl\":\"http:\/\/ecolebiodanzamanosque.com\/wp-content\/uploads\/2023\/01\/Gisele.jpg\"},{\"@type\":\"BreadcrumbList\",\"@id\":\"https:\/\/ecolebiodanzamanosque.com\/index.php\/la-coordination-de-lecole\/#breadcrumb\",\"itemListElement\":[{\"@type\":\"ListItem\",\"position\":1,\"name\":\"Accueil\",\"item\":\"https:\/\/ecolebiodanzamanosque.com\/\"},{\"@type\":\"ListItem\",\"position\":2,\"name\":\"La coordination\"}]},{\"@type\":\"WebSite\",\"@id\":\"https:\/\/ecolebiodanzamanosque.com\/#website\",\"url\":\"https:\/\/ecolebiodanzamanosque.com\/\",\"name\":\"EcoleBiodanzaManosque\",\"description\":\"Formation de facilitateurs et de facilitatrices\",\"publisher\":{\"@id\":\"https:\/\/ecolebiodanzamanosque.com\/#organization\"},\"potentialAction\":[{\"@type\":\"SearchAction\",\"target\":{\"@type\":\"EntryPoint\",\"urlTemplate\":\"https:\/\/ecolebiodanzamanosque.com\/?s={search_term_string}\"},\"query-input\":{\"@type\":\"PropertyValueSpecification\",\"valueRequired\":true,\"valueName\":\"search_term_string\"}}],\"inLanguage\":\"fr-FR\"},{\"@type\":\"Organization\",\"@id\":\"https:\/\/ecolebiodanzamanosque.com\/#organization\",\"name\":\"EcoleBiodanzaManosque\",\"url\":\"https:\/\/ecolebiodanzamanosque.com\/\",\"logo\":{\"@type\":\"ImageObject\",\"inLanguage\":\"fr-FR\",\"@id\":\"https:\/\/ecolebiodanzamanosque.com\/#\/schema\/logo\/image\/\",\"url\":\"https:\/\/ecolebiodanzamanosque.com\/wp-content\/uploads\/2023\/03\/logo-biodanza-vert2-MODIF.png\",\"contentUrl\":\"https:\/\/ecolebiodanzamanosque.com\/wp-content\/uploads\/2023\/03\/logo-biodanza-vert2-MODIF.png\",\"width\":1110,\"height\":1106,\"caption\":\"EcoleBiodanzaManosque\"},\"image\":{\"@id\":\"https:\/\/ecolebiodanzamanosque.com\/#\/schema\/logo\/image\/\"}}]}<\/script>\n<!-- \/ Yoast SEO plugin. -->","yoast_head_json":{"title":"La coordination - Ecole de Biodanza de Manosque","description":"La coordination de l'\u00e9cole de Biodanza de Manosque est assur\u00e9e par Gis\u00e8le Bregliano Martinez, co-fondatrice et intervenante r\u00e9guli\u00e8re.","robots":{"index":"index","follow":"follow","max-snippet":"max-snippet:-1","max-image-preview":"max-image-preview:large","max-video-preview":"max-video-preview:-1"},"canonical":"https:\/\/ecolebiodanzamanosque.com\/index.php\/la-coordination-de-lecole\/","og_locale":"fr_FR","og_type":"article","og_title":"La coordination - Ecole de Biodanza de Manosque","og_description":"La coordination de l'\u00e9cole de Biodanza de Manosque est assur\u00e9e par Gis\u00e8le Bregliano Martinez, co-fondatrice et intervenante r\u00e9guli\u00e8re.","og_url":"https:\/\/ecolebiodanzamanosque.com\/index.php\/la-coordination-de-lecole\/","og_site_name":"Ecole de Biodanza de Manosque","article_modified_time":"2024-02-07T19:07:50+00:00","og_image":[{"url":"http:\/\/ecolebiodanzamanosque.com\/wp-content\/uploads\/2023\/01\/Gisele.jpg","type":"","width":"","height":""}],"twitter_card":"summary_large_image","twitter_misc":{"Dur\u00e9e de lecture estim\u00e9e":"3 minutes"},"schema":{"@context":"https:\/\/schema.org","@graph":[{"@type":"WebPage","@id":"https:\/\/ecolebiodanzamanosque.com\/index.php\/la-coordination-de-lecole\/","url":"https:\/\/ecolebiodanzamanosque.com\/index.php\/la-coordination-de-lecole\/","name":"La coordination - Ecole de Biodanza de Manosque","isPartOf":{"@id":"https:\/\/ecolebiodanzamanosque.com\/#website"},"primaryImageOfPage":{"@id":"https:\/\/ecolebiodanzamanosque.com\/index.php\/la-coordination-de-lecole\/#primaryimage"},"image":{"@id":"https:\/\/ecolebiodanzamanosque.com\/index.php\/la-coordination-de-lecole\/#primaryimage"},"thumbnailUrl":"http:\/\/ecolebiodanzamanosque.com\/wp-content\/uploads\/2023\/01\/Gisele.jpg","datePublished":"2023-01-19T16:08:04+00:00","dateModified":"2024-02-07T19:07:50+00:00","description":"La coordination de l'\u00e9cole de Biodanza de Manosque est assur\u00e9e par Gis\u00e8le Bregliano Martinez, co-fondatrice et intervenante r\u00e9guli\u00e8re.","breadcrumb":{"@id":"https:\/\/ecolebiodanzamanosque.com\/index.php\/la-coordination-de-lecole\/#breadcrumb"},"inLanguage":"fr-FR","potentialAction":[{"@type":"ReadAction","target":["https:\/\/ecolebiodanzamanosque.com\/index.php\/la-coordination-de-lecole\/"]}]},{"@type":"ImageObject","inLanguage":"fr-FR","@id":"https:\/\/ecolebiodanzamanosque.com\/index.php\/la-coordination-de-lecole\/#primaryimage","url":"http:\/\/ecolebiodanzamanosque.com\/wp-content\/uploads\/2023\/01\/Gisele.jpg","contentUrl":"http:\/\/ecolebiodanzamanosque.com\/wp-content\/uploads\/2023\/01\/Gisele.jpg"},{"@type":"BreadcrumbList","@id":"https:\/\/ecolebiodanzamanosque.com\/index.php\/la-coordination-de-lecole\/#breadcrumb","itemListElement":[{"@type":"ListItem","position":1,"name":"Accueil","item":"https:\/\/ecolebiodanzamanosque.com\/"},{"@type":"ListItem","position":2,"name":"La coordination"}]},{"@type":"WebSite","@id":"https:\/\/ecolebiodanzamanosque.com\/#website","url":"https:\/\/ecolebiodanzamanosque.com\/","name":"EcoleBiodanzaManosque","description":"Formation de facilitateurs et de facilitatrices","publisher":{"@id":"https:\/\/ecolebiodanzamanosque.com\/#organization"},"potentialAction":[{"@type":"SearchAction","target":{"@type":"EntryPoint","urlTemplate":"https:\/\/ecolebiodanzamanosque.com\/?s={search_term_string}"},"query-input":{"@type":"PropertyValueSpecification","valueRequired":true,"valueName":"search_term_string"}}],"inLanguage":"fr-FR"},{"@type":"Organization","@id":"https:\/\/ecolebiodanzamanosque.com\/#organization","name":"EcoleBiodanzaManosque","url":"https:\/\/ecolebiodanzamanosque.com\/","logo":{"@type":"ImageObject","inLanguage":"fr-FR","@id":"https:\/\/ecolebiodanzamanosque.com\/#\/schema\/logo\/image\/","url":"https:\/\/ecolebiodanzamanosque.com\/wp-content\/uploads\/2023\/03\/logo-biodanza-vert2-MODIF.png","contentUrl":"https:\/\/ecolebiodanzamanosque.com\/wp-content\/uploads\/2023\/03\/logo-biodanza-vert2-MODIF.png","width":1110,"height":1106,"caption":"EcoleBiodanzaManosque"},"image":{"@id":"https:\/\/ecolebiodanzamanosque.com\/#\/schema\/logo\/image\/"}}]}},"_links":{"self":[{"href":"https:\/\/ecolebiodanzamanosque.com\/index.php\/wp-json\/wp\/v2\/pages\/130","targetHints":{"allow":["GET"]}}],"collection":[{"href":"https:\/\/ecolebiodanzamanosque.com\/index.php\/wp-json\/wp\/v2\/pages"}],"about":[{"href":"https:\/\/ecolebiodanzamanosque.com\/index.php\/wp-json\/wp\/v2\/types\/page"}],"author":[{"embeddable":true,"href":"https:\/\/ecolebiodanzamanosque.com\/index.php\/wp-json\/wp\/v2\/users\/1"}],"replies":[{"embeddable":true,"href":"https:\/\/ecolebiodanzamanosque.com\/index.php\/wp-json\/wp\/v2\/comments?post=130"}],"version-history":[{"count":45,"href":"https:\/\/ecolebiodanzamanosque.com\/index.php\/wp-json\/wp\/v2\/pages\/130\/revisions"}],"predecessor-version":[{"id":2099,"href":"https:\/\/ecolebiodanzamanosque.com\/index.php\/wp-json\/wp\/v2\/pages\/130\/revisions\/2099"}],"wp:attachment":[{"href":"https:\/\/ecolebiodanzamanosque.com\/index.php\/wp-json\/wp\/v2\/media?parent=130"}],"curies":[{"name":"wp","href":"https:\/\/api.w.org\/{rel}","templated":true}]}}