{"id":288,"date":"2023-01-25T20:00:02","date_gmt":"2023-01-25T20:00:02","guid":{"rendered":"https:\/\/ecolebiodanzamanosque.com\/?page_id=288"},"modified":"2025-07-23T12:36:03","modified_gmt":"2025-07-23T12:36:03","slug":"nos-activites-biodanza-ateliers-stages","status":"publish","type":"page","link":"https:\/\/ecolebiodanzamanosque.com\/index.php\/nos-activites-biodanza-ateliers-stages\/","title":{"rendered":"Nos activit\u00e9s en Biodanza"},"content":{"rendered":"\n<div style=\"height:12px\" aria-hidden=\"true\" class=\"wp-block-spacer\"><\/div>\n\n\n\n<p class=\"has-text-align-center\">Gis\u00e8le et Laurence proposent des ateliers et des stages de Biodanza de mani\u00e8re individuelle ou en co-animation \u00e0 la salle Padma et aux alentours: Ateliers \u00ab\u00a0\u00catres en Danse\u00a0\u00bb, stages de Biodanza Aquatique et autres, c\u00e9l\u00e9bration mondiale de la Biodanza.<\/p>\n\n\n\n<div style=\"height:30px\" aria-hidden=\"true\" class=\"wp-block-spacer\"><\/div>\n\n\n\n<hr class=\"wp-block-separator has-alpha-channel-opacity\"\/>\n\n\n\n<h4 class=\"wp-block-heading has-text-align-center\">Ateliers et Stages<\/h4>\n\n\n\n<hr class=\"wp-block-separator has-alpha-channel-opacity\"\/>\n\n\n\n<div class=\"wp-block-columns is-layout-flex wp-container-core-columns-is-layout-9d6595d7 wp-block-columns-is-layout-flex\">\n<div class=\"wp-block-column is-layout-flow wp-block-column-is-layout-flow\">\n<div class=\"wp-block-media-text alignwide is-stacked-on-mobile is-vertically-aligned-top\" style=\"grid-template-columns:20% auto\"><figure class=\"wp-block-media-text__media\"><img fetchpriority=\"high\" decoding=\"async\" width=\"256\" height=\"334\" src=\"https:\/\/ecolebiodanzamanosque.com\/wp-content\/uploads\/2023\/02\/aleph-heron.jpg\" alt=\"\" class=\"wp-image-819 size-full\" srcset=\"https:\/\/ecolebiodanzamanosque.com\/wp-content\/uploads\/2023\/02\/aleph-heron.jpg 256w, https:\/\/ecolebiodanzamanosque.com\/wp-content\/uploads\/2023\/02\/aleph-heron-230x300.jpg 230w, https:\/\/ecolebiodanzamanosque.com\/wp-content\/uploads\/2023\/02\/aleph-heron-207x270.jpg 207w\" sizes=\"(max-width: 256px) 100vw, 256px\" \/><\/figure><div class=\"wp-block-media-text__content\">\n<div style=\"height:20px\" aria-hidden=\"true\" class=\"wp-block-spacer\"><\/div>\n\n\n\n<h4 class=\"wp-block-heading has-text-align-left has-text-color\" style=\"color:#8bc34a;font-size:25px\"><strong>L&rsquo;\u00catre en danse<\/strong><\/h4>\n<\/div><\/div>\n\n\n\n<p class=\"has-text-align-center has-text-color has-medium-font-size\" style=\"color:#6d531bad\"><strong>Biodanza et Lettres H\u00e9bra\u00efques<\/strong><\/p>\n\n\n\n<div class=\"wp-block-group is-vertical is-content-justification-center is-layout-flex wp-container-core-group-is-layout-4b2eccd6 wp-block-group-is-layout-flex\">\n<p class=\"has-text-align-center\" style=\"font-size:18px\"><strong>En 2025:<\/strong> les samedis 6\/09, 18\/10, 15\/11<\/p>\n\n\n\n<p class=\"has-text-align-center\" style=\"font-size:18px\"><strong>En 2026 <\/strong>: les samedis 24\/01, 28\/03, 25\/04, 20\/06<\/p>\n\n\n\n<p class=\"has-text-align-center\" style=\"font-size:18px\">avec  <a href=\"https:\/\/ecolebiodanzamanosque.com\/index.php\/la-coordination-de-lecole\/\" target=\"_blank\" rel=\"noreferrer noopener\">Gis\u00e8le Bregliano Martinez<\/a><\/p>\n\n\n\n<p class=\"has-text-align-center\" style=\"font-size:18px\"><strong>au Mas des Peyres \u00e0 Montfuron<\/strong> (04110)<\/p>\n\n\n\n<p><a href=\"https:\/\/lemasdespeyres.com\" target=\"_blank\" rel=\"noreferrer noopener\">https:\/\/lemasdespeyres.com<\/a><\/p>\n\n\n\n<p class=\"has-text-align-center\" style=\"font-size:18px\"><strong> <\/strong><\/p>\n<\/div>\n\n\n\n<div class=\"wp-block-buttons alignwide is-content-justification-center is-layout-flex wp-container-core-buttons-is-layout-16018d1d wp-block-buttons-is-layout-flex\">\n<div class=\"wp-block-button has-custom-width wp-block-button__width-50 has-custom-font-size is-style-outline is-style-outline--1\" style=\"font-size:15px\"><a class=\"wp-block-button__link has-black-color has-text-color has-background wp-element-button\" href=\"https:\/\/ecolebiodanzamanosque.com\/index.php\/letre-en-danse\/\" style=\"background-color:#9bda95d9\" target=\"_blank\" rel=\"noreferrer noopener\"><em>En savoir plus<\/em><\/a><\/div>\n<\/div>\n<\/div>\n\n\n\n<div class=\"wp-block-column is-layout-flow wp-block-column-is-layout-flow\">\n<div class=\"wp-block-media-text alignwide has-media-on-the-right is-stacked-on-mobile\" style=\"grid-template-columns:auto 54%\"><div class=\"wp-block-media-text__content\">\n<h4 class=\"wp-block-heading has-text-align-center has-text-color\" style=\"color:#8bc34a;font-size:25px\"><strong>Biodanza Aquatique<\/strong><\/h4>\n<\/div><figure class=\"wp-block-media-text__media\"><img decoding=\"async\" width=\"1024\" height=\"440\" src=\"https:\/\/ecolebiodanzamanosque.com\/wp-content\/uploads\/2023\/03\/eauEcranFB-1024x440.jpg\" alt=\"\" class=\"wp-image-1242 size-full\" srcset=\"https:\/\/ecolebiodanzamanosque.com\/wp-content\/uploads\/2023\/03\/eauEcranFB-1024x440.jpg 1024w, https:\/\/ecolebiodanzamanosque.com\/wp-content\/uploads\/2023\/03\/eauEcranFB-300x129.jpg 300w, https:\/\/ecolebiodanzamanosque.com\/wp-content\/uploads\/2023\/03\/eauEcranFB-768x330.jpg 768w, https:\/\/ecolebiodanzamanosque.com\/wp-content\/uploads\/2023\/03\/eauEcranFB.jpg 1480w\" sizes=\"(max-width: 1024px) 100vw, 1024px\" \/><\/figure><\/div>\n\n\n\n<div class=\"wp-block-group alignwide is-vertical is-content-justification-center is-layout-flex wp-container-core-group-is-layout-4b2eccd6 wp-block-group-is-layout-flex\">\n<p class=\"has-text-align-center\" style=\"font-size:18px\">A Forcalquier (04)<\/p>\n\n\n\n<p class=\"has-black-color has-text-color has-link-color wp-elements-c427af74c8beae7259985a27b902d97c\">Septembre 2025 (dates \u00e0 venir)<\/p>\n\n\n\n<div class=\"wp-block-group alignwide is-vertical is-content-justification-center is-layout-flex wp-container-core-group-is-layout-4b2eccd6 wp-block-group-is-layout-flex\">\n<p class=\"has-text-align-center\" style=\"font-size:18px\">avec <a href=\"https:\/\/ecolebiodanzamanosque.com\/index.php\/la-direction-laurence-wulkan\/\" target=\"_blank\" rel=\"noreferrer noopener\">Laurence Wulkan<\/a> <\/p>\n\n\n\n<p class=\"has-text-align-center\" style=\"font-size:18px\">assist\u00e9e de Gis\u00e8le Bregliano Martinez<\/p>\n<\/div>\n<\/div>\n\n\n\n<div style=\"height:20px\" aria-hidden=\"true\" class=\"wp-block-spacer\"><\/div>\n\n\n\n<figure class=\"wp-block-image size-full\"><img decoding=\"async\" width=\"568\" height=\"245\" src=\"https:\/\/ecolebiodanzamanosque.com\/wp-content\/uploads\/2023\/05\/Sans-nom-3-2.jpg\" alt=\"\" class=\"wp-image-1826\" srcset=\"https:\/\/ecolebiodanzamanosque.com\/wp-content\/uploads\/2023\/05\/Sans-nom-3-2.jpg 568w, https:\/\/ecolebiodanzamanosque.com\/wp-content\/uploads\/2023\/05\/Sans-nom-3-2-300x129.jpg 300w\" sizes=\"(max-width: 568px) 100vw, 568px\" \/><\/figure>\n\n\n\n<p class=\"has-text-align-center has-vivid-red-color has-text-color\" style=\"font-size:16px\"><\/p>\n\n\n\n<div class=\"wp-block-buttons is-content-justification-center is-layout-flex wp-container-core-buttons-is-layout-16018d1d wp-block-buttons-is-layout-flex\">\n<div class=\"wp-block-button has-custom-width wp-block-button__width-50 has-custom-font-size is-style-outline is-style-outline--2\" style=\"font-size:15px\"><a class=\"wp-block-button__link has-black-color has-text-color has-background wp-element-button\" href=\"https:\/\/ecolebiodanzamanosque.com\/index.php\/biodanza-aquatique\/\" style=\"background-color:#9bda95d9\"><em>En savoir plus<\/em><\/a><\/div>\n<\/div>\n<\/div>\n<\/div>\n\n\n\n<div style=\"height:31px\" aria-hidden=\"true\" class=\"wp-block-spacer\"><\/div>\n\n\n\n<hr class=\"wp-block-separator has-alpha-channel-opacity\"\/>\n\n\n\n<h4 class=\"wp-block-heading has-text-align-center\">Ev\u00e8nements pass\u00e9s<\/h4>\n\n\n\n<hr class=\"wp-block-separator has-alpha-channel-opacity\"\/>\n\n\n\n<div style=\"height:30px\" aria-hidden=\"true\" class=\"wp-block-spacer\"><\/div>\n\n\n\n<h4 class=\"wp-block-heading has-text-align-center has-text-color\" style=\"color:#8bc34a;font-size:25px\"><strong>C\u00e9l\u00e9bration Mondiale de la Biodanza<\/strong><\/h4>\n\n\n\n<div class=\"wp-block-columns is-layout-flex wp-container-core-columns-is-layout-9d6595d7 wp-block-columns-is-layout-flex\">\n<div class=\"wp-block-column is-layout-flow wp-block-column-is-layout-flow\" style=\"flex-basis:33.33%\">\n<figure class=\"wp-block-image size-full\"><img loading=\"lazy\" decoding=\"async\" width=\"768\" height=\"644\" src=\"https:\/\/ecolebiodanzamanosque.com\/wp-content\/uploads\/2023\/03\/semence-avec-date-768x644.png.webp\" alt=\"\" class=\"wp-image-1539\" srcset=\"https:\/\/ecolebiodanzamanosque.com\/wp-content\/uploads\/2023\/03\/semence-avec-date-768x644.png.webp 768w, https:\/\/ecolebiodanzamanosque.com\/wp-content\/uploads\/2023\/03\/semence-avec-date-768x644.png-300x252.webp 300w\" sizes=\"(max-width: 768px) 100vw, 768px\" \/><\/figure>\n\n\n\n<div class=\"wp-block-buttons is-content-justification-center is-layout-flex wp-container-core-buttons-is-layout-16018d1d wp-block-buttons-is-layout-flex\">\n<div class=\"wp-block-button has-custom-font-size is-style-outline is-style-outline--3\" style=\"font-size:15px\"><a class=\"wp-block-button__link has-black-color has-text-color has-background wp-element-button\" href=\"https:\/\/danslelandelavie.com\/events\/journee-mondiale-de-la-biodanzaensemble-danser-la-merveille-du-vivant\/\" style=\"background-color:#9bda95d9\" target=\"_blank\" rel=\"noreferrer noopener\"><em>En savoir plus<\/em><\/a><\/div>\n<\/div>\n<\/div>\n\n\n\n<div class=\"wp-block-column is-layout-flow wp-block-column-is-layout-flow\" style=\"flex-basis:66.66%\">\n<p class=\"has-text-align-center\" style=\"font-size:18px\">Cette journ\u00e9e autour de la date anniversaire de la naissance de Rolando Toro Araneda, cr\u00e9ateur de la Biodanza, r\u00e9pond \u00e0 l\u2019invitation qu\u2019il nous fait de danser ensemble de \u00abnouveaux chemins pour exercer l\u2019amour\u00bb et c\u00e9l\u00e9brer la sacralit\u00e9 du Vivant !<\/p>\n\n\n\n<p class=\"has-text-align-center has-background\" style=\"background-color:#8bc34a;font-size:18px\">Dimanche 16 avril   \u00e0   Avignon   de   10h   \u00e0    18h<\/p>\n\n\n\n<p class=\"has-text-align-center\" style=\"font-size:18px\">Journ\u00e9e joyeusement imagin\u00e9e et co-anim\u00e9e par<\/p>\n\n\n\n<p class=\"has-text-align-center\" style=\"font-size:18px\">C\u00e9cile Marzio, Gis\u00e8le Bregliano-Martinez, Laurence Wulkan, Nathalie Darve, Pascale Teyssonneyre et Sonia Ballieu.<\/p>\n<\/div>\n<\/div>\n","protected":false},"excerpt":{"rendered":"<p>Gis\u00e8le et Laurence proposent des ateliers et des stages de Biodanza de mani\u00e8re individuelle ou en co-animation \u00e0 la salle Padma et aux alentours: Ateliers \u00ab\u00a0\u00catres en Danse\u00a0\u00bb, stages de Biodanza Aquatique et autres, c\u00e9l\u00e9bration mondiale de la Biodanza. Ateliers et Stages L&rsquo;\u00catre en danse Biodanza et Lettres H\u00e9bra\u00efques En 2025: les samedis 6\/09, 18\/10, 15\/11 En 2026 : les [&hellip;]<\/p>\n","protected":false},"author":1,"featured_media":0,"parent":0,"menu_order":0,"comment_status":"closed","ping_status":"closed","template":"","meta":{"_eb_attr":"","footnotes":""},"class_list":["post-288","page","type-page","status-publish","hentry"],"yoast_head":"<!-- This site is optimized with the Yoast SEO plugin v26.6 - https:\/\/yoast.com\/wordpress\/plugins\/seo\/ -->\n<title>Ateliers Stages Biodanza Gis\u00e8le Laurence<\/title>\n<meta name=\"description\" content=\"Gis\u00e8le et Laurence proposent des ateliers et des stages de Biodanza de mani\u00e8re individuelle ou en co-animation.\" \/>\n<meta name=\"robots\" content=\"index, follow, max-snippet:-1, max-image-preview:large, max-video-preview:-1\" \/>\n<link rel=\"canonical\" href=\"https:\/\/ecolebiodanzamanosque.com\/index.php\/nos-activites-biodanza-ateliers-stages\/\" \/>\n<meta property=\"og:locale\" content=\"fr_FR\" \/>\n<meta property=\"og:type\" content=\"article\" \/>\n<meta property=\"og:title\" content=\"Ateliers Stages Biodanza Gis\u00e8le Laurence\" \/>\n<meta property=\"og:description\" content=\"Gis\u00e8le et Laurence proposent des ateliers et des stages de Biodanza de mani\u00e8re individuelle ou en co-animation.\" \/>\n<meta property=\"og:url\" content=\"https:\/\/ecolebiodanzamanosque.com\/index.php\/nos-activites-biodanza-ateliers-stages\/\" \/>\n<meta property=\"og:site_name\" content=\"Ecole de Biodanza de Manosque\" \/>\n<meta property=\"article:modified_time\" content=\"2025-07-23T12:36:03+00:00\" \/>\n<meta property=\"og:image\" content=\"https:\/\/ecolebiodanzamanosque.com\/wp-content\/uploads\/2023\/02\/aleph-heron.jpg\" \/>\n<meta name=\"twitter:card\" content=\"summary_large_image\" \/>\n<meta name=\"twitter:label1\" content=\"Dur\u00e9e de lecture estim\u00e9e\" \/>\n\t<meta name=\"twitter:data1\" content=\"2 minutes\" \/>\n<script type=\"application\/ld+json\" class=\"yoast-schema-graph\">{\"@context\":\"https:\/\/schema.org\",\"@graph\":[{\"@type\":\"WebPage\",\"@id\":\"https:\/\/ecolebiodanzamanosque.com\/index.php\/nos-activites-biodanza-ateliers-stages\/\",\"url\":\"https:\/\/ecolebiodanzamanosque.com\/index.php\/nos-activites-biodanza-ateliers-stages\/\",\"name\":\"Ateliers Stages Biodanza Gis\u00e8le Laurence\",\"isPartOf\":{\"@id\":\"https:\/\/ecolebiodanzamanosque.com\/#website\"},\"primaryImageOfPage\":{\"@id\":\"https:\/\/ecolebiodanzamanosque.com\/index.php\/nos-activites-biodanza-ateliers-stages\/#primaryimage\"},\"image\":{\"@id\":\"https:\/\/ecolebiodanzamanosque.com\/index.php\/nos-activites-biodanza-ateliers-stages\/#primaryimage\"},\"thumbnailUrl\":\"https:\/\/ecolebiodanzamanosque.com\/wp-content\/uploads\/2023\/02\/aleph-heron.jpg\",\"datePublished\":\"2023-01-25T20:00:02+00:00\",\"dateModified\":\"2025-07-23T12:36:03+00:00\",\"description\":\"Gis\u00e8le et Laurence proposent des ateliers et des stages de Biodanza de mani\u00e8re individuelle ou en co-animation.\",\"breadcrumb\":{\"@id\":\"https:\/\/ecolebiodanzamanosque.com\/index.php\/nos-activites-biodanza-ateliers-stages\/#breadcrumb\"},\"inLanguage\":\"fr-FR\",\"potentialAction\":[{\"@type\":\"ReadAction\",\"target\":[\"https:\/\/ecolebiodanzamanosque.com\/index.php\/nos-activites-biodanza-ateliers-stages\/\"]}]},{\"@type\":\"ImageObject\",\"inLanguage\":\"fr-FR\",\"@id\":\"https:\/\/ecolebiodanzamanosque.com\/index.php\/nos-activites-biodanza-ateliers-stages\/#primaryimage\",\"url\":\"https:\/\/ecolebiodanzamanosque.com\/wp-content\/uploads\/2023\/02\/aleph-heron.jpg\",\"contentUrl\":\"https:\/\/ecolebiodanzamanosque.com\/wp-content\/uploads\/2023\/02\/aleph-heron.jpg\",\"width\":256,\"height\":334},{\"@type\":\"BreadcrumbList\",\"@id\":\"https:\/\/ecolebiodanzamanosque.com\/index.php\/nos-activites-biodanza-ateliers-stages\/#breadcrumb\",\"itemListElement\":[{\"@type\":\"ListItem\",\"position\":1,\"name\":\"Accueil\",\"item\":\"https:\/\/ecolebiodanzamanosque.com\/\"},{\"@type\":\"ListItem\",\"position\":2,\"name\":\"Nos activit\u00e9s en Biodanza\"}]},{\"@type\":\"WebSite\",\"@id\":\"https:\/\/ecolebiodanzamanosque.com\/#website\",\"url\":\"https:\/\/ecolebiodanzamanosque.com\/\",\"name\":\"EcoleBiodanzaManosque\",\"description\":\"Formation de facilitateurs et de facilitatrices\",\"publisher\":{\"@id\":\"https:\/\/ecolebiodanzamanosque.com\/#organization\"},\"potentialAction\":[{\"@type\":\"SearchAction\",\"target\":{\"@type\":\"EntryPoint\",\"urlTemplate\":\"https:\/\/ecolebiodanzamanosque.com\/?s={search_term_string}\"},\"query-input\":{\"@type\":\"PropertyValueSpecification\",\"valueRequired\":true,\"valueName\":\"search_term_string\"}}],\"inLanguage\":\"fr-FR\"},{\"@type\":\"Organization\",\"@id\":\"https:\/\/ecolebiodanzamanosque.com\/#organization\",\"name\":\"EcoleBiodanzaManosque\",\"url\":\"https:\/\/ecolebiodanzamanosque.com\/\",\"logo\":{\"@type\":\"ImageObject\",\"inLanguage\":\"fr-FR\",\"@id\":\"https:\/\/ecolebiodanzamanosque.com\/#\/schema\/logo\/image\/\",\"url\":\"https:\/\/ecolebiodanzamanosque.com\/wp-content\/uploads\/2023\/03\/logo-biodanza-vert2-MODIF.png\",\"contentUrl\":\"https:\/\/ecolebiodanzamanosque.com\/wp-content\/uploads\/2023\/03\/logo-biodanza-vert2-MODIF.png\",\"width\":1110,\"height\":1106,\"caption\":\"EcoleBiodanzaManosque\"},\"image\":{\"@id\":\"https:\/\/ecolebiodanzamanosque.com\/#\/schema\/logo\/image\/\"}}]}<\/script>\n<!-- \/ Yoast SEO plugin. -->","yoast_head_json":{"title":"Ateliers Stages Biodanza Gis\u00e8le Laurence","description":"Gis\u00e8le et Laurence proposent des ateliers et des stages de Biodanza de mani\u00e8re individuelle ou en co-animation.","robots":{"index":"index","follow":"follow","max-snippet":"max-snippet:-1","max-image-preview":"max-image-preview:large","max-video-preview":"max-video-preview:-1"},"canonical":"https:\/\/ecolebiodanzamanosque.com\/index.php\/nos-activites-biodanza-ateliers-stages\/","og_locale":"fr_FR","og_type":"article","og_title":"Ateliers Stages Biodanza Gis\u00e8le Laurence","og_description":"Gis\u00e8le et Laurence proposent des ateliers et des stages de Biodanza de mani\u00e8re individuelle ou en co-animation.","og_url":"https:\/\/ecolebiodanzamanosque.com\/index.php\/nos-activites-biodanza-ateliers-stages\/","og_site_name":"Ecole de Biodanza de Manosque","article_modified_time":"2025-07-23T12:36:03+00:00","og_image":[{"url":"https:\/\/ecolebiodanzamanosque.com\/wp-content\/uploads\/2023\/02\/aleph-heron.jpg","type":"","width":"","height":""}],"twitter_card":"summary_large_image","twitter_misc":{"Dur\u00e9e de lecture estim\u00e9e":"2 minutes"},"schema":{"@context":"https:\/\/schema.org","@graph":[{"@type":"WebPage","@id":"https:\/\/ecolebiodanzamanosque.com\/index.php\/nos-activites-biodanza-ateliers-stages\/","url":"https:\/\/ecolebiodanzamanosque.com\/index.php\/nos-activites-biodanza-ateliers-stages\/","name":"Ateliers Stages Biodanza Gis\u00e8le Laurence","isPartOf":{"@id":"https:\/\/ecolebiodanzamanosque.com\/#website"},"primaryImageOfPage":{"@id":"https:\/\/ecolebiodanzamanosque.com\/index.php\/nos-activites-biodanza-ateliers-stages\/#primaryimage"},"image":{"@id":"https:\/\/ecolebiodanzamanosque.com\/index.php\/nos-activites-biodanza-ateliers-stages\/#primaryimage"},"thumbnailUrl":"https:\/\/ecolebiodanzamanosque.com\/wp-content\/uploads\/2023\/02\/aleph-heron.jpg","datePublished":"2023-01-25T20:00:02+00:00","dateModified":"2025-07-23T12:36:03+00:00","description":"Gis\u00e8le et Laurence proposent des ateliers et des stages de Biodanza de mani\u00e8re individuelle ou en co-animation.","breadcrumb":{"@id":"https:\/\/ecolebiodanzamanosque.com\/index.php\/nos-activites-biodanza-ateliers-stages\/#breadcrumb"},"inLanguage":"fr-FR","potentialAction":[{"@type":"ReadAction","target":["https:\/\/ecolebiodanzamanosque.com\/index.php\/nos-activites-biodanza-ateliers-stages\/"]}]},{"@type":"ImageObject","inLanguage":"fr-FR","@id":"https:\/\/ecolebiodanzamanosque.com\/index.php\/nos-activites-biodanza-ateliers-stages\/#primaryimage","url":"https:\/\/ecolebiodanzamanosque.com\/wp-content\/uploads\/2023\/02\/aleph-heron.jpg","contentUrl":"https:\/\/ecolebiodanzamanosque.com\/wp-content\/uploads\/2023\/02\/aleph-heron.jpg","width":256,"height":334},{"@type":"BreadcrumbList","@id":"https:\/\/ecolebiodanzamanosque.com\/index.php\/nos-activites-biodanza-ateliers-stages\/#breadcrumb","itemListElement":[{"@type":"ListItem","position":1,"name":"Accueil","item":"https:\/\/ecolebiodanzamanosque.com\/"},{"@type":"ListItem","position":2,"name":"Nos activit\u00e9s en Biodanza"}]},{"@type":"WebSite","@id":"https:\/\/ecolebiodanzamanosque.com\/#website","url":"https:\/\/ecolebiodanzamanosque.com\/","name":"EcoleBiodanzaManosque","description":"Formation de facilitateurs et de facilitatrices","publisher":{"@id":"https:\/\/ecolebiodanzamanosque.com\/#organization"},"potentialAction":[{"@type":"SearchAction","target":{"@type":"EntryPoint","urlTemplate":"https:\/\/ecolebiodanzamanosque.com\/?s={search_term_string}"},"query-input":{"@type":"PropertyValueSpecification","valueRequired":true,"valueName":"search_term_string"}}],"inLanguage":"fr-FR"},{"@type":"Organization","@id":"https:\/\/ecolebiodanzamanosque.com\/#organization","name":"EcoleBiodanzaManosque","url":"https:\/\/ecolebiodanzamanosque.com\/","logo":{"@type":"ImageObject","inLanguage":"fr-FR","@id":"https:\/\/ecolebiodanzamanosque.com\/#\/schema\/logo\/image\/","url":"https:\/\/ecolebiodanzamanosque.com\/wp-content\/uploads\/2023\/03\/logo-biodanza-vert2-MODIF.png","contentUrl":"https:\/\/ecolebiodanzamanosque.com\/wp-content\/uploads\/2023\/03\/logo-biodanza-vert2-MODIF.png","width":1110,"height":1106,"caption":"EcoleBiodanzaManosque"},"image":{"@id":"https:\/\/ecolebiodanzamanosque.com\/#\/schema\/logo\/image\/"}}]}},"_links":{"self":[{"href":"https:\/\/ecolebiodanzamanosque.com\/index.php\/wp-json\/wp\/v2\/pages\/288","targetHints":{"allow":["GET"]}}],"collection":[{"href":"https:\/\/ecolebiodanzamanosque.com\/index.php\/wp-json\/wp\/v2\/pages"}],"about":[{"href":"https:\/\/ecolebiodanzamanosque.com\/index.php\/wp-json\/wp\/v2\/types\/page"}],"author":[{"embeddable":true,"href":"https:\/\/ecolebiodanzamanosque.com\/index.php\/wp-json\/wp\/v2\/users\/1"}],"replies":[{"embeddable":true,"href":"https:\/\/ecolebiodanzamanosque.com\/index.php\/wp-json\/wp\/v2\/comments?post=288"}],"version-history":[{"count":113,"href":"https:\/\/ecolebiodanzamanosque.com\/index.php\/wp-json\/wp\/v2\/pages\/288\/revisions"}],"predecessor-version":[{"id":2293,"href":"https:\/\/ecolebiodanzamanosque.com\/index.php\/wp-json\/wp\/v2\/pages\/288\/revisions\/2293"}],"wp:attachment":[{"href":"https:\/\/ecolebiodanzamanosque.com\/index.php\/wp-json\/wp\/v2\/media?parent=288"}],"curies":[{"name":"wp","href":"https:\/\/api.w.org\/{rel}","templated":true}]}}