{"id":43,"date":"2023-01-18T20:33:50","date_gmt":"2023-01-18T20:33:50","guid":{"rendered":"https:\/\/ecolebiodanzamanosque.com\/?page_id=43"},"modified":"2025-11-05T09:10:43","modified_gmt":"2025-11-05T09:10:43","slug":"description-de-lecole","status":"publish","type":"page","link":"https:\/\/ecolebiodanzamanosque.com\/index.php\/description-de-lecole\/","title":{"rendered":"Description de l&rsquo;\u00e9cole"},"content":{"rendered":"\n<div style=\"height:20px\" aria-hidden=\"true\" class=\"wp-block-spacer\"><\/div>\n\n\n\n<p style=\"font-size:18px\">L&rsquo;objectif de l&rsquo;\u00e9cole de Biodanza de Manosque est de former des facilitatrices et des facilitateurs de Biodanza afin d\u2019\u0153uvrer \u00e0 l&rsquo;\u00e9largissement de la communaut\u00e9 humaine dans l&rsquo;expression de ce qu&rsquo;elle a de plus lumineux.<\/p>\n\n\n\n<div class=\"wp-block-media-text alignwide is-stacked-on-mobile\" style=\"grid-template-columns:37% auto\"><figure class=\"wp-block-media-text__media\"><img fetchpriority=\"high\" decoding=\"async\" width=\"1024\" height=\"683\" src=\"https:\/\/ecolebiodanzamanosque.com\/wp-content\/uploads\/2023\/05\/chalouxblur-1024x683.jpg\" alt=\"\" class=\"wp-image-1832 size-full\" srcset=\"https:\/\/ecolebiodanzamanosque.com\/wp-content\/uploads\/2023\/05\/chalouxblur-1024x683.jpg 1024w, https:\/\/ecolebiodanzamanosque.com\/wp-content\/uploads\/2023\/05\/chalouxblur-300x200.jpg 300w, https:\/\/ecolebiodanzamanosque.com\/wp-content\/uploads\/2023\/05\/chalouxblur-768x512.jpg 768w, https:\/\/ecolebiodanzamanosque.com\/wp-content\/uploads\/2023\/05\/chalouxblur-1536x1024.jpg 1536w, https:\/\/ecolebiodanzamanosque.com\/wp-content\/uploads\/2023\/05\/chalouxblur-2048x1366.jpg 2048w, https:\/\/ecolebiodanzamanosque.com\/wp-content\/uploads\/2023\/05\/chalouxblur-600x400.jpg 600w\" sizes=\"(max-width: 1024px) 100vw, 1024px\" \/><\/figure><div class=\"wp-block-media-text__content\">\n<p style=\"font-size:18px\">Elle se situe dans un \u00e9crin de verdure proche de Manosque dans les Alpes de Haute Provence.<\/p>\n\n\n\n<p style=\"font-size:18px\">Ce lieu prot\u00e9g\u00e9 est propice \u00e0 la pratique et \u00e0 l&rsquo;\u00e9tude sereine de la Biodanza ainsi qu&rsquo;\u00e0 la vie harmonieuse en groupe.<\/p>\n<\/div><\/div>\n\n\n\n<div class=\"wp-block-media-text alignwide has-media-on-the-right is-stacked-on-mobile\" style=\"grid-template-columns:auto 39%\"><div class=\"wp-block-media-text__content\">\n<p>Ses \u00e9tudiant.e.s re\u00e7oivent un enseignement \u00e0 la fois th\u00e9orique et pratique qui leur permet d&rsquo;appr\u00e9hender les concepts de la Biodanza\u00ae et de les \u00ab vivre \u00bb pleinement dans le mouvement int\u00e9gr\u00e9. Elle est le terrain d&rsquo;une \u00e9volution professionnelle, personnelle et relationnelle.<\/p>\n<\/div><figure class=\"wp-block-media-text__media\"><img decoding=\"async\" width=\"1024\" height=\"768\" src=\"https:\/\/ecolebiodanzamanosque.com\/wp-content\/uploads\/2023\/05\/dojo2-1024x768.jpg\" alt=\"\" class=\"wp-image-1836 size-full\" srcset=\"https:\/\/ecolebiodanzamanosque.com\/wp-content\/uploads\/2023\/05\/dojo2-1024x768.jpg 1024w, https:\/\/ecolebiodanzamanosque.com\/wp-content\/uploads\/2023\/05\/dojo2-300x225.jpg 300w, https:\/\/ecolebiodanzamanosque.com\/wp-content\/uploads\/2023\/05\/dojo2-768x576.jpg 768w, https:\/\/ecolebiodanzamanosque.com\/wp-content\/uploads\/2023\/05\/dojo2-1536x1152.jpg 1536w, https:\/\/ecolebiodanzamanosque.com\/wp-content\/uploads\/2023\/05\/dojo2-2048x1536.jpg 2048w\" sizes=\"(max-width: 1024px) 100vw, 1024px\" \/><\/figure><\/div>\n\n\n\n<div class=\"wp-block-media-text alignwide is-stacked-on-mobile\" style=\"grid-template-columns:32% auto\"><figure class=\"wp-block-media-text__media\"><img decoding=\"async\" width=\"1024\" height=\"767\" src=\"https:\/\/ecolebiodanzamanosque.com\/wp-content\/uploads\/2023\/03\/D-Groupe-4-1024x767.jpg\" alt=\"\" class=\"wp-image-1487 size-full\" srcset=\"https:\/\/ecolebiodanzamanosque.com\/wp-content\/uploads\/2023\/03\/D-Groupe-4-1024x767.jpg 1024w, https:\/\/ecolebiodanzamanosque.com\/wp-content\/uploads\/2023\/03\/D-Groupe-4-300x225.jpg 300w, https:\/\/ecolebiodanzamanosque.com\/wp-content\/uploads\/2023\/03\/D-Groupe-4-768x575.jpg 768w, https:\/\/ecolebiodanzamanosque.com\/wp-content\/uploads\/2023\/03\/D-Groupe-4-1536x1150.jpg 1536w, https:\/\/ecolebiodanzamanosque.com\/wp-content\/uploads\/2023\/03\/D-Groupe-4.jpg 1600w\" sizes=\"(max-width: 1024px) 100vw, 1024px\" \/><\/figure><div class=\"wp-block-media-text__content\">\n<p style=\"font-size:18px\">Les \u00e9tudiants arrivent \u00e0 l&rsquo;\u00e9cole avec leur propre exp\u00e9rience et parfois leur propre expertise dans certains domaines. C&rsquo;est pourquoi l&rsquo;enseignement th\u00e9orique laisse toujours la place \u00e0 l&rsquo;\u00e9change.<\/p>\n<\/div><\/div>\n\n\n\n<p><span style=\"font-family: Cambria, serif;\"><\/span>L&rsquo;\u00e9cole de Biodanza de Manosque est une \u00e9cole \u00e0 taille humaine. Elle limite le nombre de ses \u00e9l\u00e8ves (ceux et celles qui souhaitent devenir facilitateurs et facilitatrices) \u00e0 20 personnes. Notre disponibilit\u00e9 en dehors des week-ends d&rsquo;\u00e9cole ne permet un accompagnement collectif et individuel de qualit\u00e9 qu&rsquo;\u00e0 cette condition.<\/p>\n\n\n\n<p>Elle accueille aussi les \u00e9l\u00e8ves d&rsquo;autres \u00e9coles qui souhaitent rattraper un module ou refaire un module ainsi que celles qui souhaitent seulement s&rsquo;informer sur les concepts de la Biodanza et danser. Ces derniers sont nomm\u00e9s \u00ab auditeurs libres \u00bb. <\/p>\n\n\n\n<div class=\"wp-block-buttons is-content-justification-center is-layout-flex wp-container-core-buttons-is-layout-16018d1d wp-block-buttons-is-layout-flex\">\n<div class=\"wp-block-button is-style-outline is-style-outline--1\"><a class=\"wp-block-button__link has-black-color has-text-color has-background has-custom-font-size wp-element-button\" href=\"https:\/\/ecolebiodanzamanosque.com\/index.php\/criteres-dadmission\/\" style=\"background-color:#9bda95d9;font-size:15px\">Crit\u00e8res d&rsquo;admission pour les \u00e9l\u00e8ves et les auditeurs libres<\/a><\/div>\n<\/div>\n\n\n\n<div style=\"height:30px\" aria-hidden=\"true\" class=\"wp-block-spacer\"><\/div>\n\n\n\n<p>L&rsquo;\u00e9cole de Biodanza de Manosque est membre de l&rsquo;ASSEB (Association des \u00e9coles de Biodanza en France) et est affili\u00e9e \u00e0 l&rsquo;IBFed (F\u00e9d\u00e9ration Internationale de Biodanza).<\/p>\n\n\n\n<div style=\"height:30px\" aria-hidden=\"true\" class=\"wp-block-spacer\"><\/div>\n\n\n\n<h4 class=\"wp-block-heading has-text-align-center has-text-color\" style=\"color:#8bc34a;font-size:25px\">Les fondatrices de l&rsquo;\u00e9cole<\/h4>\n\n\n\n<div style=\"height:20px\" aria-hidden=\"true\" class=\"wp-block-spacer\"><\/div>\n\n\n\n<div class=\"wp-block-columns is-layout-flex wp-container-core-columns-is-layout-9d6595d7 wp-block-columns-is-layout-flex\">\n<div class=\"wp-block-column is-layout-flow wp-block-column-is-layout-flow\" style=\"flex-basis:33.33%\"><div class=\"wp-block-image\">\n<figure class=\"aligncenter size-large\"><img loading=\"lazy\" decoding=\"async\" width=\"768\" height=\"1024\" src=\"https:\/\/ecolebiodanzamanosque.com\/wp-content\/uploads\/2023\/05\/Laurence-et-Gisele-768x1024.jpg\" alt=\"\" class=\"wp-image-1814\" srcset=\"https:\/\/ecolebiodanzamanosque.com\/wp-content\/uploads\/2023\/05\/Laurence-et-Gisele-768x1024.jpg 768w, https:\/\/ecolebiodanzamanosque.com\/wp-content\/uploads\/2023\/05\/Laurence-et-Gisele-225x300.jpg 225w, https:\/\/ecolebiodanzamanosque.com\/wp-content\/uploads\/2023\/05\/Laurence-et-Gisele-1152x1536.jpg 1152w, https:\/\/ecolebiodanzamanosque.com\/wp-content\/uploads\/2023\/05\/Laurence-et-Gisele-1536x2048.jpg 1536w, https:\/\/ecolebiodanzamanosque.com\/wp-content\/uploads\/2023\/05\/Laurence-et-Gisele-scaled.jpg 1920w\" sizes=\"(max-width: 768px) 100vw, 768px\" \/><figcaption class=\"wp-element-caption\"><a href=\"https:\/\/ecolebiodanzamanosque.com\/index.php\/lequipe\/\">La<\/a><a href=\"https:\/\/ecolebiodanzamanosque.com\/index.php\/la-direction-laurence-wulkan\/\">urence <\/a>et <a data-type=\"page\" data-id=\"130\" href=\"https:\/\/ecolebiodanzamanosque.com\/index.php\/la-coordination-de-lecole\/\">Gis\u00e8le<\/a><\/figcaption><\/figure>\n<\/div><\/div>\n\n\n\n<div class=\"wp-block-column is-layout-flow wp-block-column-is-layout-flow\" style=\"flex-basis:66.66%\">\n<p style=\"font-size:18px\">Nous sommes <a href=\"https:\/\/ecolebiodanzamanosque.com\/index.php\/la-direction-laurence-wulkan\/\" target=\"_blank\" rel=\"noreferrer noopener\"><strong>Laurence Wulkan<\/strong><\/a> et <a href=\"https:\/\/ecolebiodanzamanosque.com\/index.php\/la-coordination-de-lecole\/\" target=\"_blank\" rel=\"noreferrer noopener\"><strong>Gis\u00e8le Bregliano Martinez<\/strong><\/a>, Facilitatrices Didacticiennes de Biodanza\u00ae et amies depuis plus de 30 ans.<\/p>\n\n\n\n<p style=\"font-size:18px\"><a name=\"block-0fc4a3cb-1272-4994-bfc9-c88f5ba4ac10\"><\/a>Engag\u00e9es et nourries par nos collaborations respectives dans diff\u00e9rentes \u00e9coles de Biodanza\u00ae, nous r\u00e9pondons \u00e0 la volont\u00e9 commune d&rsquo;en cr\u00e9er une \u00e0 notre tour. Nous sommes motiv\u00e9es par le d\u00e9sir et le plaisir de transmettre les aspects, les valeurs et les fondements de la Biodanza\u00ae.<\/p>\n\n\n\n<p style=\"font-size:18px\">C&rsquo;est pour nous une suite logique d&rsquo;une longue amiti\u00e9 et d&rsquo;une collaboration qui dure depuis plus de 20 ans dans l&rsquo;accompagnement de groupes de Biodanseurs.<\/p>\n<\/div>\n<\/div>\n\n\n\n<div style=\"height:15px\" aria-hidden=\"true\" class=\"wp-block-spacer\"><\/div>\n\n\n\n<blockquote class=\"wp-block-quote is-layout-flow wp-block-quote-is-layout-flow\">\n<p class=\"has-text-align-center\" style=\"font-size:16px\"><strong>LAURENCE ASSURE LA DIRECTION DE L\u2019\u00c9COLE ET GIS\u00c8LE SA COORDINATION<\/strong><br><\/p>\n<\/blockquote>\n\n\n\n<p style=\"font-size:18px\">Nous serons aussi au cours de cette aventure les principales intervenantes pour l&rsquo;enseignement des diff\u00e9rents modules, en co-animation ou individuellement. Nous ferons appel \u00e0 d&rsquo;autres intervenants didacticiens avec qui nous avons un lien privil\u00e9gi\u00e9 et qui ont une affinit\u00e9 particuli\u00e8re avec le th\u00e8me enseign\u00e9. Cela permettra d&rsquo;enrichir la formation par la diversification des personnalit\u00e9s et des savoirs.<\/p>\n","protected":false},"excerpt":{"rendered":"<p>L&rsquo;objectif de l&rsquo;\u00e9cole de Biodanza de Manosque est de former des facilitatrices et des facilitateurs de Biodanza afin d\u2019\u0153uvrer \u00e0 l&rsquo;\u00e9largissement de la communaut\u00e9 humaine dans l&rsquo;expression de ce qu&rsquo;elle a de plus lumineux. Elle se situe dans un \u00e9crin de verdure proche de Manosque dans les Alpes de Haute Provence. Ce lieu prot\u00e9g\u00e9 est propice \u00e0 la pratique et [&hellip;]<\/p>\n","protected":false},"author":1,"featured_media":0,"parent":0,"menu_order":0,"comment_status":"closed","ping_status":"closed","template":"","meta":{"_eb_attr":"","footnotes":""},"class_list":["post-43","page","type-page","status-publish","hentry"],"yoast_head":"<!-- This site is optimized with the Yoast SEO plugin v26.6 - https:\/\/yoast.com\/wordpress\/plugins\/seo\/ -->\n<title>Description de l&#039;\u00e9cole - Ecole de Biodanza de Manosque<\/title>\n<meta name=\"description\" content=\"Une \u00e9cole pour \u0153uvrer \u00e0 l&#039;\u00e9largissement de la communaut\u00e9 humaine dans l&#039;expression de ce qu&#039;elle a de plus lumineux.\" \/>\n<meta name=\"robots\" content=\"index, follow, max-snippet:-1, max-image-preview:large, max-video-preview:-1\" \/>\n<link rel=\"canonical\" href=\"https:\/\/ecolebiodanzamanosque.com\/index.php\/description-de-lecole\/\" \/>\n<meta property=\"og:locale\" content=\"fr_FR\" \/>\n<meta property=\"og:type\" content=\"article\" \/>\n<meta property=\"og:title\" content=\"Description de l&#039;\u00e9cole - Ecole de Biodanza de Manosque\" \/>\n<meta property=\"og:description\" content=\"Une \u00e9cole pour \u0153uvrer \u00e0 l&#039;\u00e9largissement de la communaut\u00e9 humaine dans l&#039;expression de ce qu&#039;elle a de plus lumineux.\" \/>\n<meta property=\"og:url\" content=\"https:\/\/ecolebiodanzamanosque.com\/index.php\/description-de-lecole\/\" \/>\n<meta property=\"og:site_name\" content=\"Ecole de Biodanza de Manosque\" \/>\n<meta property=\"article:modified_time\" content=\"2025-11-05T09:10:43+00:00\" \/>\n<meta property=\"og:image\" content=\"https:\/\/ecolebiodanzamanosque.com\/wp-content\/uploads\/2023\/05\/chalouxblur.jpg\" \/>\n\t<meta property=\"og:image:width\" content=\"2249\" \/>\n\t<meta property=\"og:image:height\" content=\"1500\" \/>\n\t<meta property=\"og:image:type\" content=\"image\/jpeg\" \/>\n<meta name=\"twitter:card\" content=\"summary_large_image\" \/>\n<meta name=\"twitter:label1\" content=\"Dur\u00e9e de lecture estim\u00e9e\" \/>\n\t<meta name=\"twitter:data1\" content=\"3 minutes\" \/>\n<script type=\"application\/ld+json\" class=\"yoast-schema-graph\">{\"@context\":\"https:\/\/schema.org\",\"@graph\":[{\"@type\":\"WebPage\",\"@id\":\"https:\/\/ecolebiodanzamanosque.com\/index.php\/description-de-lecole\/\",\"url\":\"https:\/\/ecolebiodanzamanosque.com\/index.php\/description-de-lecole\/\",\"name\":\"Description de l'\u00e9cole - Ecole de Biodanza de Manosque\",\"isPartOf\":{\"@id\":\"https:\/\/ecolebiodanzamanosque.com\/#website\"},\"primaryImageOfPage\":{\"@id\":\"https:\/\/ecolebiodanzamanosque.com\/index.php\/description-de-lecole\/#primaryimage\"},\"image\":{\"@id\":\"https:\/\/ecolebiodanzamanosque.com\/index.php\/description-de-lecole\/#primaryimage\"},\"thumbnailUrl\":\"https:\/\/ecolebiodanzamanosque.com\/wp-content\/uploads\/2023\/05\/chalouxblur-1024x683.jpg\",\"datePublished\":\"2023-01-18T20:33:50+00:00\",\"dateModified\":\"2025-11-05T09:10:43+00:00\",\"description\":\"Une \u00e9cole pour \u0153uvrer \u00e0 l'\u00e9largissement de la communaut\u00e9 humaine dans l'expression de ce qu'elle a de plus lumineux.\",\"breadcrumb\":{\"@id\":\"https:\/\/ecolebiodanzamanosque.com\/index.php\/description-de-lecole\/#breadcrumb\"},\"inLanguage\":\"fr-FR\",\"potentialAction\":[{\"@type\":\"ReadAction\",\"target\":[\"https:\/\/ecolebiodanzamanosque.com\/index.php\/description-de-lecole\/\"]}]},{\"@type\":\"ImageObject\",\"inLanguage\":\"fr-FR\",\"@id\":\"https:\/\/ecolebiodanzamanosque.com\/index.php\/description-de-lecole\/#primaryimage\",\"url\":\"https:\/\/ecolebiodanzamanosque.com\/wp-content\/uploads\/2023\/05\/chalouxblur.jpg\",\"contentUrl\":\"https:\/\/ecolebiodanzamanosque.com\/wp-content\/uploads\/2023\/05\/chalouxblur.jpg\",\"width\":2249,\"height\":1500},{\"@type\":\"BreadcrumbList\",\"@id\":\"https:\/\/ecolebiodanzamanosque.com\/index.php\/description-de-lecole\/#breadcrumb\",\"itemListElement\":[{\"@type\":\"ListItem\",\"position\":1,\"name\":\"Accueil\",\"item\":\"https:\/\/ecolebiodanzamanosque.com\/\"},{\"@type\":\"ListItem\",\"position\":2,\"name\":\"Description de l&rsquo;\u00e9cole\"}]},{\"@type\":\"WebSite\",\"@id\":\"https:\/\/ecolebiodanzamanosque.com\/#website\",\"url\":\"https:\/\/ecolebiodanzamanosque.com\/\",\"name\":\"EcoleBiodanzaManosque\",\"description\":\"Formation de facilitateurs et de facilitatrices\",\"publisher\":{\"@id\":\"https:\/\/ecolebiodanzamanosque.com\/#organization\"},\"potentialAction\":[{\"@type\":\"SearchAction\",\"target\":{\"@type\":\"EntryPoint\",\"urlTemplate\":\"https:\/\/ecolebiodanzamanosque.com\/?s={search_term_string}\"},\"query-input\":{\"@type\":\"PropertyValueSpecification\",\"valueRequired\":true,\"valueName\":\"search_term_string\"}}],\"inLanguage\":\"fr-FR\"},{\"@type\":\"Organization\",\"@id\":\"https:\/\/ecolebiodanzamanosque.com\/#organization\",\"name\":\"EcoleBiodanzaManosque\",\"url\":\"https:\/\/ecolebiodanzamanosque.com\/\",\"logo\":{\"@type\":\"ImageObject\",\"inLanguage\":\"fr-FR\",\"@id\":\"https:\/\/ecolebiodanzamanosque.com\/#\/schema\/logo\/image\/\",\"url\":\"https:\/\/ecolebiodanzamanosque.com\/wp-content\/uploads\/2023\/03\/logo-biodanza-vert2-MODIF.png\",\"contentUrl\":\"https:\/\/ecolebiodanzamanosque.com\/wp-content\/uploads\/2023\/03\/logo-biodanza-vert2-MODIF.png\",\"width\":1110,\"height\":1106,\"caption\":\"EcoleBiodanzaManosque\"},\"image\":{\"@id\":\"https:\/\/ecolebiodanzamanosque.com\/#\/schema\/logo\/image\/\"}}]}<\/script>\n<!-- \/ Yoast SEO plugin. -->","yoast_head_json":{"title":"Description de l'\u00e9cole - Ecole de Biodanza de Manosque","description":"Une \u00e9cole pour \u0153uvrer \u00e0 l'\u00e9largissement de la communaut\u00e9 humaine dans l'expression de ce qu'elle a de plus lumineux.","robots":{"index":"index","follow":"follow","max-snippet":"max-snippet:-1","max-image-preview":"max-image-preview:large","max-video-preview":"max-video-preview:-1"},"canonical":"https:\/\/ecolebiodanzamanosque.com\/index.php\/description-de-lecole\/","og_locale":"fr_FR","og_type":"article","og_title":"Description de l'\u00e9cole - Ecole de Biodanza de Manosque","og_description":"Une \u00e9cole pour \u0153uvrer \u00e0 l'\u00e9largissement de la communaut\u00e9 humaine dans l'expression de ce qu'elle a de plus lumineux.","og_url":"https:\/\/ecolebiodanzamanosque.com\/index.php\/description-de-lecole\/","og_site_name":"Ecole de Biodanza de Manosque","article_modified_time":"2025-11-05T09:10:43+00:00","og_image":[{"width":2249,"height":1500,"url":"https:\/\/ecolebiodanzamanosque.com\/wp-content\/uploads\/2023\/05\/chalouxblur.jpg","type":"image\/jpeg"}],"twitter_card":"summary_large_image","twitter_misc":{"Dur\u00e9e de lecture estim\u00e9e":"3 minutes"},"schema":{"@context":"https:\/\/schema.org","@graph":[{"@type":"WebPage","@id":"https:\/\/ecolebiodanzamanosque.com\/index.php\/description-de-lecole\/","url":"https:\/\/ecolebiodanzamanosque.com\/index.php\/description-de-lecole\/","name":"Description de l'\u00e9cole - Ecole de Biodanza de Manosque","isPartOf":{"@id":"https:\/\/ecolebiodanzamanosque.com\/#website"},"primaryImageOfPage":{"@id":"https:\/\/ecolebiodanzamanosque.com\/index.php\/description-de-lecole\/#primaryimage"},"image":{"@id":"https:\/\/ecolebiodanzamanosque.com\/index.php\/description-de-lecole\/#primaryimage"},"thumbnailUrl":"https:\/\/ecolebiodanzamanosque.com\/wp-content\/uploads\/2023\/05\/chalouxblur-1024x683.jpg","datePublished":"2023-01-18T20:33:50+00:00","dateModified":"2025-11-05T09:10:43+00:00","description":"Une \u00e9cole pour \u0153uvrer \u00e0 l'\u00e9largissement de la communaut\u00e9 humaine dans l'expression de ce qu'elle a de plus lumineux.","breadcrumb":{"@id":"https:\/\/ecolebiodanzamanosque.com\/index.php\/description-de-lecole\/#breadcrumb"},"inLanguage":"fr-FR","potentialAction":[{"@type":"ReadAction","target":["https:\/\/ecolebiodanzamanosque.com\/index.php\/description-de-lecole\/"]}]},{"@type":"ImageObject","inLanguage":"fr-FR","@id":"https:\/\/ecolebiodanzamanosque.com\/index.php\/description-de-lecole\/#primaryimage","url":"https:\/\/ecolebiodanzamanosque.com\/wp-content\/uploads\/2023\/05\/chalouxblur.jpg","contentUrl":"https:\/\/ecolebiodanzamanosque.com\/wp-content\/uploads\/2023\/05\/chalouxblur.jpg","width":2249,"height":1500},{"@type":"BreadcrumbList","@id":"https:\/\/ecolebiodanzamanosque.com\/index.php\/description-de-lecole\/#breadcrumb","itemListElement":[{"@type":"ListItem","position":1,"name":"Accueil","item":"https:\/\/ecolebiodanzamanosque.com\/"},{"@type":"ListItem","position":2,"name":"Description de l&rsquo;\u00e9cole"}]},{"@type":"WebSite","@id":"https:\/\/ecolebiodanzamanosque.com\/#website","url":"https:\/\/ecolebiodanzamanosque.com\/","name":"EcoleBiodanzaManosque","description":"Formation de facilitateurs et de facilitatrices","publisher":{"@id":"https:\/\/ecolebiodanzamanosque.com\/#organization"},"potentialAction":[{"@type":"SearchAction","target":{"@type":"EntryPoint","urlTemplate":"https:\/\/ecolebiodanzamanosque.com\/?s={search_term_string}"},"query-input":{"@type":"PropertyValueSpecification","valueRequired":true,"valueName":"search_term_string"}}],"inLanguage":"fr-FR"},{"@type":"Organization","@id":"https:\/\/ecolebiodanzamanosque.com\/#organization","name":"EcoleBiodanzaManosque","url":"https:\/\/ecolebiodanzamanosque.com\/","logo":{"@type":"ImageObject","inLanguage":"fr-FR","@id":"https:\/\/ecolebiodanzamanosque.com\/#\/schema\/logo\/image\/","url":"https:\/\/ecolebiodanzamanosque.com\/wp-content\/uploads\/2023\/03\/logo-biodanza-vert2-MODIF.png","contentUrl":"https:\/\/ecolebiodanzamanosque.com\/wp-content\/uploads\/2023\/03\/logo-biodanza-vert2-MODIF.png","width":1110,"height":1106,"caption":"EcoleBiodanzaManosque"},"image":{"@id":"https:\/\/ecolebiodanzamanosque.com\/#\/schema\/logo\/image\/"}}]}},"_links":{"self":[{"href":"https:\/\/ecolebiodanzamanosque.com\/index.php\/wp-json\/wp\/v2\/pages\/43","targetHints":{"allow":["GET"]}}],"collection":[{"href":"https:\/\/ecolebiodanzamanosque.com\/index.php\/wp-json\/wp\/v2\/pages"}],"about":[{"href":"https:\/\/ecolebiodanzamanosque.com\/index.php\/wp-json\/wp\/v2\/types\/page"}],"author":[{"embeddable":true,"href":"https:\/\/ecolebiodanzamanosque.com\/index.php\/wp-json\/wp\/v2\/users\/1"}],"replies":[{"embeddable":true,"href":"https:\/\/ecolebiodanzamanosque.com\/index.php\/wp-json\/wp\/v2\/comments?post=43"}],"version-history":[{"count":57,"href":"https:\/\/ecolebiodanzamanosque.com\/index.php\/wp-json\/wp\/v2\/pages\/43\/revisions"}],"predecessor-version":[{"id":2404,"href":"https:\/\/ecolebiodanzamanosque.com\/index.php\/wp-json\/wp\/v2\/pages\/43\/revisions\/2404"}],"wp:attachment":[{"href":"https:\/\/ecolebiodanzamanosque.com\/index.php\/wp-json\/wp\/v2\/media?parent=43"}],"curies":[{"name":"wp","href":"https:\/\/api.w.org\/{rel}","templated":true}]}}