{"id":8,"date":"2023-01-15T14:40:36","date_gmt":"2023-01-15T14:40:36","guid":{"rendered":"https:\/\/ecolebiodanzamanosque.com\/?page_id=8"},"modified":"2026-08-30T19:18:34","modified_gmt":"2026-08-30T19:18:34","slug":"programme-de-la-formation","status":"publish","type":"page","link":"https:\/\/ecolebiodanzamanosque.com\/index.php\/programme-de-la-formation\/","title":{"rendered":"Programme de la Formation"},"content":{"rendered":"\n<h4 class=\"wp-block-heading has-text-align-center\" style=\"font-size:20px\"><em>D\u2019apr\u00e8s l\u2019orientation normative \u00e9labor\u00e9e par Rolando Toro Araneda<\/em><\/h4>\n\n\n\n<div style=\"height:25px\" aria-hidden=\"true\" class=\"wp-block-spacer\"><\/div>\n\n\n\n<hr class=\"wp-block-separator has-alpha-channel-opacity\"\/>\n\n\n\n<p class=\"has-text-align-center wp-block-paragraph\" style=\"font-size:15px\"><a href=\"https:\/\/ecolebiodanzamanosque.com\/wp-content\/uploads\/2026\/08\/Programme-de-la-formation-cycle-II.pdf\" data-type=\"attachment\" data-id=\"3521\">Version imprimable<\/a><\/p>\n\n\n\n<hr class=\"wp-block-separator has-alpha-channel-opacity\"\/>\n\n\n\n<div style=\"height:25px\" aria-hidden=\"true\" class=\"wp-block-spacer\"><\/div>\n\n\n\n<div class=\"wp-block-group is-vertical is-content-justification-center is-layout-flex wp-container-core-group-is-layout-524f8de7 wp-block-group-is-layout-flex\">\n<h4 class=\"wp-block-heading has-text-align-center has-text-color\" style=\"color:#8bc34a\">Programme global d&rsquo;un cycle de formation <\/h4>\n\n\n\n<h4 class=\"wp-block-heading has-text-align-center has-text-color\" style=\"color:#8bc34a;font-size:15px\">\u00e0 l&rsquo;\u00e9cole de Biodanza\u00ae SRT de Manosque<\/h4>\n<\/div>\n\n\n\n<div style=\"height:30px\" aria-hidden=\"true\" class=\"wp-block-spacer\"><\/div>\n\n\n\n<p class=\"wp-block-paragraph\" style=\"font-size:15px\">Un cycle de formation de Biodanza\u00ae&nbsp;dure entre 4 ans et 5 ans. A l\u2019\u00e9cole de Manosque, il comprend :<\/p>\n\n\n\n<ul class=\"wp-block-list\">\n<li style=\"font-size:15px\">un ensemble de 29 modules obligatoires (th\u00e9orie plus vivencias)&nbsp;<\/li>\n\n\n\n<li style=\"font-size:15px\">2 stages extensions de la Biodanza obligatoires : \u00ab&nbsp;Le Projet Minotaure&nbsp;\u00bb et \u00ab Le Projet \u00c9volution&nbsp;\u00bb.&nbsp;<\/li>\n<\/ul>\n\n\n\n<div style=\"height:20px\" aria-hidden=\"true\" class=\"wp-block-spacer\"><\/div>\n\n\n\n<p class=\"wp-block-paragraph\" style=\"font-size:15px\">30 modules et stages sont r\u00e9partis sur&nbsp;<strong>10 week-ends par an&nbsp;<\/strong>entre septembre et juin, soit sur 3 ann\u00e9es scolaires. Le 31\u00e8me module, le module de cl\u00f4ture, sera tenu fin juin ou d\u00e9but juillet de la 3\u00e8me ann\u00e9e.<\/p>\n\n\n\n<p class=\"wp-block-paragraph\" style=\"font-size:15px\">Les modules de formation commencent le vendredi soir et s\u2019ach\u00e8vent le dimanche soir, et durent entre 12 et 15 heures effectives chacun, sauf 2 modules qui pourraient \u00eatre regroup\u00e9s en un seul week-end de 3 jours, du jeudi soir au dimanche soir, ou du vendredi soir au lundi soir (incluant 1 jour f\u00e9ri\u00e9).&nbsp;<\/p>\n\n\n\n<p class=\"wp-block-paragraph\" style=\"font-size:15px\">Les 2 extensions durent 3 jours&nbsp;: du vendredi matin au dimanche soir ou du samedi matin au lundi matin (incluant 1 jour f\u00e9ri\u00e9).<\/p>\n\n\n\n<div style=\"height:15px\" aria-hidden=\"true\" class=\"wp-block-spacer\"><\/div>\n\n\n\n<p class=\"has-text-align-center wp-block-paragraph\" style=\"font-size:15px\"><strong>Se r\u00e9f\u00e9rer \u00e0 l\u2019agenda du cycle pour les dates exactes<\/strong><\/p>\n\n\n\n<div style=\"height:15px\" aria-hidden=\"true\" class=\"wp-block-spacer\"><\/div>\n\n\n\n<ul class=\"wp-block-list\">\n<li style=\"font-size:15px\">Si besoin, des s\u00e9minaires th\u00e9orico-vivenciels obligatoires sur des th\u00e8mes relatifs au Syst\u00e8me Biodanza r\u00e9partis sur les 5 ans. Le nombre et les th\u00e8mes seront d\u00e9termin\u00e9s dans le courant du cycle. Chaque s\u00e9minaire se d\u00e9roule sur une journ\u00e9e et est compos\u00e9 d&rsquo;une conf\u00e9rence qui pourra \u00eatre pr\u00e9sent\u00e9e par des \u00e9l\u00e8ves ou un sp\u00e9cialiste du sujet, et d&rsquo;une vivencia anim\u00e9e par un facilitateur \/ une facilitatrice didacte.&nbsp;<\/li>\n\n\n\n<li style=\"font-size:15px\">l&rsquo;apprentissage sous supervision \u00e0 l\u2019issue de la troisi\u00e8me ann\u00e9e.&nbsp;<\/li>\n\n\n\n<li style=\"font-size:15px\">la pr\u00e9sentation d\u2019une monographie pour obtenir le titre de Professeur de Biodanza \u00e0 l\u2019issue du cycle des supervisions.&nbsp;<\/li>\n<\/ul>\n\n\n\n<div style=\"height:50px\" aria-hidden=\"true\" class=\"wp-block-spacer\"><\/div>\n\n\n\n<h4 class=\"wp-block-heading has-text-align-center has-text-color\" style=\"color:#8bc34a\">Les Modules de la formation<\/h4>\n\n\n\n<p class=\"has-text-align-center wp-block-paragraph\" style=\"font-size:15px\">Toutes les \u00c9coles de Biodanza Syst\u00e8me Rolando Toro suivent un Programme Unifi\u00e9<\/p>\n\n\n\n<div style=\"height:30px\" aria-hidden=\"true\" class=\"wp-block-spacer\"><\/div>\n\n\n\n<div class=\"wp-block-group is-vertical is-layout-flex wp-container-core-group-is-layout-4fc3f8e1 wp-block-group-is-layout-flex\">\n<h5 class=\"wp-block-heading has-medium-font-size\">Modules de 1\u00e8re et 2\u00e8me ann\u00e9e<\/h5>\n\n\n\n<p class=\"wp-block-paragraph\" style=\"font-size:15px\">NB :<em> il se peut que certains modules des 1\u00e8re et 2\u00e8me ann\u00e9e ne soient pas programm\u00e9s dans l&rsquo;ordre indiqu\u00e9 ci-dessous.<\/em><\/p>\n<\/div>\n\n\n\n<div class=\"wp-block-columns is-layout-flex wp-container-core-columns-is-layout-8f761849 wp-block-columns-is-layout-flex\">\n<div class=\"wp-block-column is-layout-flow wp-block-column-is-layout-flow\" style=\"flex-basis:66.66%\">\n<ol class=\"wp-block-list\">\n<li style=\"font-size:15px\">D\u00e9finition et Mod\u00e8le Th\u00e9orique<\/li>\n\n\n\n<li style=\"font-size:15px\">Inconscient Vital et Principe Biocentrique<\/li>\n\n\n\n<li style=\"font-size:15px\">La Vivencia<\/li>\n\n\n\n<li style=\"font-size:15px\">Les aspects biologiques de la Biodanza<\/li>\n\n\n\n<li style=\"font-size:15px\">Les aspects physiologiques de la Biodanza<\/li>\n\n\n\n<li style=\"font-size:15px\">Les aspects psychologiques de la Biodanza<\/li>\n\n\n\n<li style=\"font-size:15px\">Identit\u00e9 et Int\u00e9gration<\/li>\n\n\n\n<li style=\"font-size:15px\">Transe et R\u00e9gression<\/li>\n\n\n\n<li style=\"font-size:15px\">Ant\u00e9c\u00e9dents mythiques et philosophiques<\/li>\n\n\n\n<li style=\"font-size:15px\">Contact et Caresses<\/li>\n\n\n\n<li style=\"font-size:15px\">Le mouvement humain<\/li>\n\n\n\n<li style=\"font-size:15px\">La vitalit\u00e9<\/li>\n\n\n\n<li style=\"font-size:15px\">La sexualit\u00e9<\/li>\n\n\n\n<li style=\"font-size:15px\">La cr\u00e9ativit\u00e9<\/li>\n\n\n\n<li style=\"font-size:15px\">L&rsquo;affectivit\u00e9<\/li>\n\n\n\n<li style=\"font-size:15px\">La transcendance<\/li>\n\n\n\n<li style=\"font-size:15px\">Biodanza et Neurosciences<\/li>\n\n\n\n<li style=\"font-size:15px\">Les m\u00e9canismes d&rsquo;action de la Biodanza<\/li>\n\n\n\n<li style=\"font-size:15px\">Biodanza : Ars Magna<\/li>\n\n\n\n<li style=\"font-size:15px\">Biodanza et Action sociale<\/li>\n\n\n\n<li style=\"font-size:15px\">La musique en Biodanza<\/li>\n<\/ol>\n<\/div>\n\n\n\n<div class=\"wp-block-column is-layout-flow wp-block-column-is-layout-flow\" style=\"flex-basis:33.33%\">\n<div class=\"wp-block-buttons alignwide is-content-justification-center is-layout-flex wp-container-core-buttons-is-layout-fe48e5de wp-block-buttons-is-layout-flex\"><\/div>\n\n\n\n<div style=\"height:172px\" aria-hidden=\"true\" class=\"wp-block-spacer\"><\/div>\n\n\n\n<div class=\"wp-block-buttons is-layout-flex wp-block-buttons-is-layout-flex\">\n<div style=\"--wp--block-button--width: 100;\" class=\"wp-block-button is-style-outline has-custom-width wp-block-button__width wp-block-button__width-100 is-style-outline--1\"><a class=\"wp-block-button__link has-black-color has-text-color has-background has-custom-font-size wp-element-button\" href=\"https:\/\/ecolebiodanzamanosque.com\/index.php\/modules-de-1ere-et-2eme-annee\/\" style=\"background-color:#9bda95d9;font-size:15px\" target=\"_blank\" rel=\"noreferrer noopener\">Plus d&rsquo;informations sur les modules de 1\u00e8re et 2\u00e8me ann\u00e9e<\/a><\/div>\n<\/div>\n<\/div>\n<\/div>\n\n\n\n<div style=\"height:30px\" aria-hidden=\"true\" class=\"wp-block-spacer\"><\/div>\n\n\n\n<div class=\"wp-block-group is-vertical is-layout-flex wp-container-core-group-is-layout-4fc3f8e1 wp-block-group-is-layout-flex\">\n<h5 class=\"wp-block-heading has-medium-font-size\">3\u00e8me ann\u00e9e: l&rsquo;ann\u00e9e de m\u00e9thodologie et cl\u00f4ture du cycle<\/h5>\n\n\n\n<p class=\"has-small-font-size wp-block-paragraph\"><em>Ann\u00e9e r\u00e9serv\u00e9e aux futurs facilitateurs<\/em><\/p>\n<\/div>\n\n\n\n<div style=\"height:20px\" aria-hidden=\"true\" class=\"wp-block-spacer\"><\/div>\n\n\n\n<p class=\"wp-block-paragraph\" style=\"font-size:15px\">Elle consiste en l&rsquo;approche des ressources m\u00e9thodologiques pour l\u2019animation de groupes de Biodanza.<\/p>\n\n\n\n<div style=\"height:20px\" aria-hidden=\"true\" class=\"wp-block-spacer\"><\/div>\n\n\n\n<div class=\"wp-block-columns is-layout-flex wp-container-core-columns-is-layout-8f761849 wp-block-columns-is-layout-flex\">\n<div class=\"wp-block-column is-layout-flow wp-block-column-is-layout-flow\" style=\"flex-basis:66.66%\">\n<ol class=\"wp-block-list\">\n<li style=\"font-size:15px\">M\u00e9thodologie I, la s\u00e9mantique musicale<\/li>\n\n\n\n<li style=\"font-size:15px\">M\u00e9thodologie II, la s\u00e9ance de Biodanza &#8211; Partie I<\/li>\n\n\n\n<li style=\"font-size:15px\">M\u00e9thodologie III, la s\u00e9ance de Biodanza &#8211; Partie II<\/li>\n\n\n\n<li style=\"font-size:15px\">M\u00e9thodologie IV, s\u00e9ance hebdomadaire et stage<\/li>\n\n\n\n<li style=\"font-size:15px\">M\u00e9thodologie V, le groupe en Biodanza<\/li>\n\n\n\n<li style=\"font-size:15px\">M\u00e9thodologie VI, les crit\u00e8res d&rsquo;\u00e9valuation en Biodanza<\/li>\n\n\n\n<li style=\"font-size:15px\">M\u00e9thodologie VII, \u00e9tude du catalogue des exercices<\/li>\n<\/ol>\n<\/div>\n\n\n\n<div class=\"wp-block-column is-layout-flow wp-block-column-is-layout-flow\" style=\"flex-basis:33.33%\">\n<div style=\"height:29px\" aria-hidden=\"true\" class=\"wp-block-spacer\"><\/div>\n\n\n\n<div class=\"wp-block-buttons is-layout-flex wp-block-buttons-is-layout-flex\">\n<div style=\"--wp--block-button--width: 100;\" class=\"wp-block-button is-style-outline has-custom-width wp-block-button__width wp-block-button__width-100 is-style-outline--2\"><a class=\"wp-block-button__link has-black-color has-text-color has-background has-custom-font-size wp-element-button\" href=\"https:\/\/ecolebiodanzamanosque.com\/index.php\/modules-de-methodologie\/\" style=\"background-color:#9bda95d9;font-size:15px\" target=\"_blank\" rel=\"noreferrer noopener\">Plus d&rsquo;informations sur les modules de m\u00e9thodologie<\/a><\/div>\n<\/div>\n<\/div>\n<\/div>\n\n\n\n<div style=\"height:20px\" aria-hidden=\"true\" class=\"wp-block-spacer\"><\/div>\n\n\n\n<p class=\"wp-block-paragraph\" style=\"font-size:15px\">L&rsquo;ann\u00e9e de m\u00e9thodologie mettra l&rsquo;accent sur l&rsquo;apprentissage: <\/p>\n\n\n\n<ul class=\"wp-block-list\">\n<li style=\"font-size:15px\">des exercices de la Liste Officielle des Exercices, Consignes et Musiques de Biodanza <\/li>\n\n\n\n<li style=\"font-size:15px\">de la construction et l&rsquo;animation de vivencias<\/li>\n<\/ul>\n\n\n\n<div style=\"height:50px\" aria-hidden=\"true\" class=\"wp-block-spacer\"><\/div>\n\n\n\n<h6 class=\"wp-block-heading\" style=\"font-size:18px\">Le module de clot\u00fbre du cycle<\/h6>\n\n\n\n<div style=\"height:21px\" aria-hidden=\"true\" class=\"wp-block-spacer\"><\/div>\n\n\n\n<p class=\"wp-block-paragraph\" style=\"font-size:15px\">Ce module comprend :<\/p>\n\n\n\n<ul class=\"wp-block-list\">\n<li style=\"font-size:15px\">Le module \u00ab&nbsp;applications et Extensions de la Biodanza&nbsp;\u00bb  <\/li>\n\n\n\n<li style=\"font-size:15px\">Des r\u00e9visions dont le th\u00e8me sera d\u00e9termin\u00e9 en fonction des besoins des \u00e9l\u00e8ves<\/li>\n\n\n\n<li style=\"font-size:15px\">Des vivencias facilit\u00e9es par l&rsquo;\u00e9quipe p\u00e9dagogique de l&rsquo;\u00e9cole<\/li>\n\n\n\n<li style=\"font-size:15px\">Une ou deux vivencias cr\u00e9\u00e9es et facilit\u00e9es par les \u00e9l\u00e8ves<\/li>\n\n\n\n<li style=\"font-size:15px\">Une soir\u00e9e festive organis\u00e9e et anim\u00e9e par les \u00e9l\u00e8ves<\/li>\n<\/ul>\n\n\n\n<p class=\"has-small-font-size wp-block-paragraph\"><em>Liste non contractuelle<\/em><\/p>\n\n\n\n<div class=\"wp-block-buttons is-content-justification-center is-layout-flex wp-container-core-buttons-is-layout-fe48e5de wp-block-buttons-is-layout-flex\">\n<div class=\"wp-block-button is-style-outline is-style-outline--3\"><a class=\"wp-block-button__link has-background has-custom-font-size wp-element-button\" href=\"https:\/\/ecolebiodanzamanosque.com\/index.php\/modules-de-methodologie\/\" style=\"background-color:#9bda95d9;font-size:15px\" target=\"_blank\" rel=\"noopener\">Plus d&rsquo;informations sur les modules de m\u00e9thodologie et sur le module de cl\u00f4ture<\/a><\/div>\n<\/div>\n\n\n\n<div style=\"height:50px\" aria-hidden=\"true\" class=\"wp-block-spacer\"><\/div>\n\n\n\n<h4 class=\"wp-block-heading has-text-align-center has-text-color\" style=\"color:#8bc34a\">S\u00e9minaires \u00e0 th\u00e8mes th\u00e9orico-vivenciels<\/h4>\n\n\n\n<p class=\"wp-block-paragraph\" style=\"font-size:15px\">Les s\u00e9minaires, entre 3 et 8 par cycle, selon le choix de la directrice, seront pr\u00e9sent\u00e9s soit par des \u00e9l\u00e8ves soit par des facilitateurs\/trices didactes ou par des sp\u00e9cialistes dans la mati\u00e8re.<\/p>\n\n\n\n<p class=\"wp-block-paragraph\" style=\"font-size:15px\">Apr\u00e8s chaque session th\u00e9orique, le\/la didacte intervenant.e ou la directrice ou la coordinatrice de l&rsquo;\u00e9cole de Biodanza de Manosque animera une&nbsp;<em>vivencia<\/em>, permettant l&rsquo;approfondissement vivenciel des concepts th\u00e9oriques.&nbsp;<\/p>\n\n\n\n<div style=\"height:30px\" aria-hidden=\"true\" class=\"wp-block-spacer\"><\/div>\n\n\n\n<h4 class=\"wp-block-heading has-text-align-center has-text-color\" style=\"color:#8bc34a\">S\u00e9ances de r\u00e9vision<\/h4>\n\n\n\n<p class=\"wp-block-paragraph\" style=\"font-size:15px\">Au cours des 3 ann\u00e9es de formation th\u00e9orique, l&rsquo;\u00e9cole de Biodanza de Manosque pourra mettre en place des s\u00e9ances de r\u00e9vision des concepts fondamentaux de la Biodanza.<\/p>\n\n\n\n<div style=\"height:30px\" aria-hidden=\"true\" class=\"wp-block-spacer\"><\/div>\n\n\n\n<h4 class=\"wp-block-heading has-text-align-center has-text-color\" style=\"color:#8bc34a\">L&rsquo;apprentissage<\/h4>\n\n\n\n<p class=\"wp-block-paragraph\" style=\"font-size:15px\">\u00c0 l\u2019issue de l\u2019ann\u00e9e de m\u00e9thodologie et obtenu l\u2019accord de la directrice de l&rsquo;\u00e9cole de Biodanza de Manosque, la phase d\u2019apprentissage sous supervision consistera en des s\u00e9ances hebdomadaires de Biodanza anim\u00e9es par l\u2019\u00e9l\u00e8ve, dont un minimum de huit sessions seront supervis\u00e9es.<\/p>\n\n\n\n<div style=\"height:30px\" aria-hidden=\"true\" class=\"wp-block-spacer\"><\/div>\n\n\n\n<h4 class=\"wp-block-heading has-text-align-center has-text-color\" style=\"color:#8bc34a\">Monographie<\/h4>\n\n\n\n<p class=\"wp-block-paragraph\" style=\"font-size:15px\">\u00c0 la fin du cycle de supervisions l\u2019\u00e9l\u00e8ve devra produire et pr\u00e9senter une monographie en ayant pour th\u00e8me un aspect th\u00e9orique ou pratique de la Biodanza approuv\u00e9 par la direction de l\u2019\u00e9cole. Le sujet pratique concernera directement l\u2019apprentissage r\u00e9alis\u00e9 pour les supervisions.<\/p>\n\n\n\n<p class=\"wp-block-paragraph\" style=\"font-size:15px\">Les crit\u00e8res suivants seront pris en consid\u00e9ration pour l\u2019\u00e9valuation de la monographie :<\/p>\n\n\n\n<ul class=\"wp-block-list\">\n<li style=\"font-size:15px\">consistance et exactitude th\u00e9orique et m\u00e9thodologique&nbsp;<\/li>\n\n\n\n<li style=\"font-size:15px\">coh\u00e9rence avec le Principe Biocentrique&nbsp;<\/li>\n\n\n\n<li style=\"font-size:15px\">pr\u00e9sentation esth\u00e9tique du travail et r\u00e9daction correcte<\/li>\n<\/ul>\n\n\n\n<div style=\"height:30px\" aria-hidden=\"true\" class=\"wp-block-spacer\"><\/div>\n\n\n\n<h4 class=\"wp-block-heading has-text-align-center has-text-color\" style=\"color:#8bc34a\">La titularisation<\/h4>\n\n\n\n<p class=\"wp-block-paragraph\" style=\"font-size:15px\">C&rsquo;est \u00e0 l&rsquo;issue de la pr\u00e9sentation de sa monographie que l&rsquo;\u00e9l\u00e8ve obtiendra son titre et le dipl\u00f4me de Professeur de Biodanza (facilitateur\/facilitatrice titulaire).<\/p>\n\n\n\n<div style=\"height:15px\" aria-hidden=\"true\" class=\"wp-block-spacer\"><\/div>\n\n\n\n<div class=\"wp-block-columns is-layout-flex wp-container-core-columns-is-layout-8f761849 wp-block-columns-is-layout-flex\">\n<div class=\"wp-block-column is-layout-flow wp-block-column-is-layout-flow\">\n<div class=\"wp-block-buttons is-layout-flex wp-block-buttons-is-layout-flex\">\n<div class=\"wp-block-button is-style-outline is-style-outline--4\"><a class=\"wp-block-button__link has-black-color has-text-color has-background has-custom-font-size wp-element-button\" href=\"https:\/\/ecolebiodanzamanosque.com\/index.php\/agenda-du-1er-cycle-de-lecole-de-manosque\/\" style=\"background-color:#9bda95d9;font-size:15px\">Agenda et intervenants<\/a><\/div>\n<\/div>\n<\/div>\n\n\n\n<div class=\"wp-block-column is-layout-flow wp-block-column-is-layout-flow\">\n<div class=\"wp-block-buttons is-layout-flex wp-block-buttons-is-layout-flex\">\n<div class=\"wp-block-button is-style-outline is-style-outline--5\"><a class=\"wp-block-button__link has-black-color has-text-color has-background has-custom-font-size wp-element-button\" href=\"https:\/\/ecolebiodanzamanosque.com\/index.php\/modalites-pratiques\/\" style=\"background-color:#9bda95d9;font-size:15px\">Modalit\u00e9s pratiques<\/a><\/div>\n<\/div>\n<\/div>\n\n\n\n<div class=\"wp-block-column is-layout-flow wp-block-column-is-layout-flow\">\n<div class=\"wp-block-buttons is-layout-flex wp-block-buttons-is-layout-flex\">\n<div style=\"--wp--block-button--width: 100;\" class=\"wp-block-button is-style-outline has-custom-width wp-block-button__width wp-block-button__width-100 is-style-outline--6\"><a class=\"wp-block-button__link has-black-color has-text-color has-background has-custom-font-size wp-element-button\" style=\"background-color:#9bda95d9;font-size:15px\">Dossier de candidature<\/a><\/div>\n<\/div>\n<\/div>\n<\/div>\n\n\n\n<p class=\"wp-block-paragraph\"><\/p>\n","protected":false},"excerpt":{"rendered":"<p>D\u2019apr\u00e8s l\u2019orientation normative \u00e9labor\u00e9e par Rolando Toro Araneda Version imprimable Programme global d&rsquo;un cycle de formation \u00e0 l&rsquo;\u00e9cole de Biodanza\u00ae SRT de Manosque Un cycle de formation de Biodanza\u00ae&nbsp;dure entre 4 ans et 5 ans. A l\u2019\u00e9cole de Manosque, il comprend : 30 modules et stages sont r\u00e9partis sur&nbsp;10 week-ends par an&nbsp;entre septembre et juin, soit sur 3 ann\u00e9es scolaires&#8230;.<\/p>\n","protected":false},"author":1,"featured_media":0,"parent":0,"menu_order":0,"comment_status":"closed","ping_status":"closed","template":"","meta":{"_eb_attr":"","footnotes":""},"class_list":["post-8","page","type-page","status-publish","hentry"],"yoast_head":"<!-- This site is optimized with the Yoast SEO plugin v28.3 - https:\/\/yoast.com\/product\/yoast-seo-wordpress\/ -->\n<title>Programme de la Formation - Ecole de Biodanza de Manosque<\/title>\n<meta name=\"description\" content=\"Programme de la formation et r\u00e8glement des \u00e9coles de formation de Biodanza et sp\u00e9cifiquement de l&#039;\u00e9cole de Biodanza de Manosque.\" \/>\n<meta name=\"robots\" content=\"index, follow, max-snippet:-1, max-image-preview:large, max-video-preview:-1\" \/>\n<link rel=\"canonical\" href=\"https:\/\/ecolebiodanzamanosque.com\/index.php\/programme-de-la-formation\/\" \/>\n<meta property=\"og:locale\" content=\"fr_FR\" \/>\n<meta property=\"og:type\" content=\"article\" \/>\n<meta property=\"og:title\" content=\"Programme de la Formation - Ecole de Biodanza de Manosque\" \/>\n<meta property=\"og:description\" content=\"Programme de la formation et r\u00e8glement des \u00e9coles de formation de Biodanza et sp\u00e9cifiquement de l&#039;\u00e9cole de Biodanza de Manosque.\" \/>\n<meta property=\"og:url\" content=\"https:\/\/ecolebiodanzamanosque.com\/index.php\/programme-de-la-formation\/\" \/>\n<meta property=\"og:site_name\" content=\"Ecole de Biodanza de Manosque\" \/>\n<meta property=\"article:modified_time\" content=\"2026-08-30T19:18:34+00:00\" \/>\n<meta name=\"twitter:card\" content=\"summary_large_image\" \/>\n<meta name=\"twitter:label1\" content=\"Dur\u00e9e de lecture estim\u00e9e\" \/>\n\t<meta name=\"twitter:data1\" content=\"5 minutes\" \/>\n<script type=\"application\/ld+json\" class=\"yoast-schema-graph\">{\"@context\":\"https:\\\/\\\/schema.org\",\"@graph\":[{\"@type\":\"WebPage\",\"@id\":\"https:\\\/\\\/ecolebiodanzamanosque.com\\\/index.php\\\/programme-de-la-formation\\\/\",\"url\":\"https:\\\/\\\/ecolebiodanzamanosque.com\\\/index.php\\\/programme-de-la-formation\\\/\",\"name\":\"Programme de la Formation - Ecole de Biodanza de Manosque\",\"isPartOf\":{\"@id\":\"https:\\\/\\\/ecolebiodanzamanosque.com\\\/#website\"},\"datePublished\":\"2023-01-15T14:40:36+00:00\",\"dateModified\":\"2026-08-30T19:18:34+00:00\",\"description\":\"Programme de la formation et r\u00e8glement des \u00e9coles de formation de Biodanza et sp\u00e9cifiquement de l'\u00e9cole de Biodanza de Manosque.\",\"breadcrumb\":{\"@id\":\"https:\\\/\\\/ecolebiodanzamanosque.com\\\/index.php\\\/programme-de-la-formation\\\/#breadcrumb\"},\"inLanguage\":\"fr-FR\",\"potentialAction\":[{\"@type\":\"ReadAction\",\"target\":[\"https:\\\/\\\/ecolebiodanzamanosque.com\\\/index.php\\\/programme-de-la-formation\\\/\"]}]},{\"@type\":\"BreadcrumbList\",\"@id\":\"https:\\\/\\\/ecolebiodanzamanosque.com\\\/index.php\\\/programme-de-la-formation\\\/#breadcrumb\",\"itemListElement\":[{\"@type\":\"ListItem\",\"position\":1,\"name\":\"Accueil\",\"item\":\"https:\\\/\\\/ecolebiodanzamanosque.com\\\/\"},{\"@type\":\"ListItem\",\"position\":2,\"name\":\"Programme de la Formation\"}]},{\"@type\":\"WebSite\",\"@id\":\"https:\\\/\\\/ecolebiodanzamanosque.com\\\/#website\",\"url\":\"https:\\\/\\\/ecolebiodanzamanosque.com\\\/\",\"name\":\"EcoleBiodanzaManosque\",\"description\":\"Formation de facilitateurs et de facilitatrices\",\"publisher\":{\"@id\":\"https:\\\/\\\/ecolebiodanzamanosque.com\\\/#organization\"},\"potentialAction\":[{\"@type\":\"SearchAction\",\"target\":{\"@type\":\"EntryPoint\",\"urlTemplate\":\"https:\\\/\\\/ecolebiodanzamanosque.com\\\/?s={search_term_string}\"},\"query-input\":{\"@type\":\"PropertyValueSpecification\",\"valueRequired\":true,\"valueName\":\"search_term_string\"}}],\"inLanguage\":\"fr-FR\"},{\"@type\":\"Organization\",\"@id\":\"https:\\\/\\\/ecolebiodanzamanosque.com\\\/#organization\",\"name\":\"EcoleBiodanzaManosque\",\"url\":\"https:\\\/\\\/ecolebiodanzamanosque.com\\\/\",\"logo\":{\"@type\":\"ImageObject\",\"inLanguage\":\"fr-FR\",\"@id\":\"https:\\\/\\\/ecolebiodanzamanosque.com\\\/#\\\/schema\\\/logo\\\/image\\\/\",\"url\":\"https:\\\/\\\/ecolebiodanzamanosque.com\\\/wp-content\\\/uploads\\\/2023\\\/03\\\/logo-biodanza-vert2-MODIF.png\",\"contentUrl\":\"https:\\\/\\\/ecolebiodanzamanosque.com\\\/wp-content\\\/uploads\\\/2023\\\/03\\\/logo-biodanza-vert2-MODIF.png\",\"width\":1110,\"height\":1106,\"caption\":\"EcoleBiodanzaManosque\"},\"image\":{\"@id\":\"https:\\\/\\\/ecolebiodanzamanosque.com\\\/#\\\/schema\\\/logo\\\/image\\\/\"}}]}<\/script>\n<!-- \/ Yoast SEO plugin. -->","yoast_head_json":{"title":"Programme de la Formation - Ecole de Biodanza de Manosque","description":"Programme de la formation et r\u00e8glement des \u00e9coles de formation de Biodanza et sp\u00e9cifiquement de l'\u00e9cole de Biodanza de Manosque.","robots":{"index":"index","follow":"follow","max-snippet":"max-snippet:-1","max-image-preview":"max-image-preview:large","max-video-preview":"max-video-preview:-1"},"canonical":"https:\/\/ecolebiodanzamanosque.com\/index.php\/programme-de-la-formation\/","og_locale":"fr_FR","og_type":"article","og_title":"Programme de la Formation - Ecole de Biodanza de Manosque","og_description":"Programme de la formation et r\u00e8glement des \u00e9coles de formation de Biodanza et sp\u00e9cifiquement de l'\u00e9cole de Biodanza de Manosque.","og_url":"https:\/\/ecolebiodanzamanosque.com\/index.php\/programme-de-la-formation\/","og_site_name":"Ecole de Biodanza de Manosque","article_modified_time":"2026-08-30T19:18:34+00:00","twitter_card":"summary_large_image","twitter_misc":{"Dur\u00e9e de lecture estim\u00e9e":"5 minutes"},"schema":{"@context":"https:\/\/schema.org","@graph":[{"@type":"WebPage","@id":"https:\/\/ecolebiodanzamanosque.com\/index.php\/programme-de-la-formation\/","url":"https:\/\/ecolebiodanzamanosque.com\/index.php\/programme-de-la-formation\/","name":"Programme de la Formation - Ecole de Biodanza de Manosque","isPartOf":{"@id":"https:\/\/ecolebiodanzamanosque.com\/#website"},"datePublished":"2023-01-15T14:40:36+00:00","dateModified":"2026-08-30T19:18:34+00:00","description":"Programme de la formation et r\u00e8glement des \u00e9coles de formation de Biodanza et sp\u00e9cifiquement de l'\u00e9cole de Biodanza de Manosque.","breadcrumb":{"@id":"https:\/\/ecolebiodanzamanosque.com\/index.php\/programme-de-la-formation\/#breadcrumb"},"inLanguage":"fr-FR","potentialAction":[{"@type":"ReadAction","target":["https:\/\/ecolebiodanzamanosque.com\/index.php\/programme-de-la-formation\/"]}]},{"@type":"BreadcrumbList","@id":"https:\/\/ecolebiodanzamanosque.com\/index.php\/programme-de-la-formation\/#breadcrumb","itemListElement":[{"@type":"ListItem","position":1,"name":"Accueil","item":"https:\/\/ecolebiodanzamanosque.com\/"},{"@type":"ListItem","position":2,"name":"Programme de la Formation"}]},{"@type":"WebSite","@id":"https:\/\/ecolebiodanzamanosque.com\/#website","url":"https:\/\/ecolebiodanzamanosque.com\/","name":"EcoleBiodanzaManosque","description":"Formation de facilitateurs et de facilitatrices","publisher":{"@id":"https:\/\/ecolebiodanzamanosque.com\/#organization"},"potentialAction":[{"@type":"SearchAction","target":{"@type":"EntryPoint","urlTemplate":"https:\/\/ecolebiodanzamanosque.com\/?s={search_term_string}"},"query-input":{"@type":"PropertyValueSpecification","valueRequired":true,"valueName":"search_term_string"}}],"inLanguage":"fr-FR"},{"@type":"Organization","@id":"https:\/\/ecolebiodanzamanosque.com\/#organization","name":"EcoleBiodanzaManosque","url":"https:\/\/ecolebiodanzamanosque.com\/","logo":{"@type":"ImageObject","inLanguage":"fr-FR","@id":"https:\/\/ecolebiodanzamanosque.com\/#\/schema\/logo\/image\/","url":"https:\/\/ecolebiodanzamanosque.com\/wp-content\/uploads\/2023\/03\/logo-biodanza-vert2-MODIF.png","contentUrl":"https:\/\/ecolebiodanzamanosque.com\/wp-content\/uploads\/2023\/03\/logo-biodanza-vert2-MODIF.png","width":1110,"height":1106,"caption":"EcoleBiodanzaManosque"},"image":{"@id":"https:\/\/ecolebiodanzamanosque.com\/#\/schema\/logo\/image\/"}}]}},"_links":{"self":[{"href":"https:\/\/ecolebiodanzamanosque.com\/index.php\/wp-json\/wp\/v2\/pages\/8","targetHints":{"allow":["GET"]}}],"collection":[{"href":"https:\/\/ecolebiodanzamanosque.com\/index.php\/wp-json\/wp\/v2\/pages"}],"about":[{"href":"https:\/\/ecolebiodanzamanosque.com\/index.php\/wp-json\/wp\/v2\/types\/page"}],"author":[{"embeddable":true,"href":"https:\/\/ecolebiodanzamanosque.com\/index.php\/wp-json\/wp\/v2\/users\/1"}],"replies":[{"embeddable":true,"href":"https:\/\/ecolebiodanzamanosque.com\/index.php\/wp-json\/wp\/v2\/comments?post=8"}],"version-history":[{"count":163,"href":"https:\/\/ecolebiodanzamanosque.com\/index.php\/wp-json\/wp\/v2\/pages\/8\/revisions"}],"predecessor-version":[{"id":3591,"href":"https:\/\/ecolebiodanzamanosque.com\/index.php\/wp-json\/wp\/v2\/pages\/8\/revisions\/3591"}],"wp:attachment":[{"href":"https:\/\/ecolebiodanzamanosque.com\/index.php\/wp-json\/wp\/v2\/media?parent=8"}],"curies":[{"name":"wp","href":"https:\/\/api.w.org\/{rel}","templated":true}]}}